{"id":32674,"date":"2013-11-13T11:31:08","date_gmt":"2013-11-13T10:31:08","guid":{"rendered":"https:\/\/www.stiftung-denkmal.de\/ausstellung\/everything-was-burning-jewish-life-and-its-destruction-in-the-prussian-provinces-of-hanover-and-east-prussia\/"},"modified":"2019-07-30T16:06:06","modified_gmt":"2019-07-30T14:06:06","slug":"everything-was-burning-jewish-life-and-its-destruction-in-the-prussian-provinces-of-hanover-and-east-prussia","status":"publish","type":"work","link":"https:\/\/www.stiftung-denkmal.de\/en\/ausstellung\/everything-was-burning-jewish-life-and-its-destruction-in-the-prussian-provinces-of-hanover-and-east-prussia\/","title":{"rendered":"\u00bbEverything was burning\u00ab \u2013 Jewish life and its destruction in the Prussian provinces of Hanover and East Prussia"},"content":{"rendered":"\t\t<div data-elementor-type=\"wp-post\" data-elementor-id=\"32674\" class=\"elementor elementor-32674 elementor-28021\" data-elementor-post-type=\"work\">\n\t\t\t\t\t\t<section class=\"elementor-section elementor-top-section elementor-element elementor-element-4904cd0 elementor-section-boxed elementor-section-height-default elementor-section-height-default\" data-id=\"4904cd0\" data-element_type=\"section\" data-e-type=\"section\">\n\t\t\t\t\t\t<div class=\"elementor-container elementor-column-gap-default\">\n\t\t\t\t\t<div class=\"elementor-column elementor-col-100 elementor-top-column elementor-element elementor-element-f631a23\" data-id=\"f631a23\" data-element_type=\"column\" data-e-type=\"column\">\n\t\t\t<div class=\"elementor-widget-wrap elementor-element-populated\">\n\t\t\t\t\t\t<div class=\"elementor-element elementor-element-2d58914 elementor-icon-list--layout-traditional elementor-list-item-link-full_width elementor-widget elementor-widget-icon-list\" data-id=\"2d58914\" data-element_type=\"widget\" data-e-type=\"widget\" data-widget_type=\"icon-list.default\">\n\t\t\t\t<div class=\"elementor-widget-container\">\n\t\t\t\t\t\t\t<ul class=\"elementor-icon-list-items\">\n\t\t\t\t\t\t\t<li class=\"elementor-icon-list-item\">\n\t\t\t\t\t\t\t\t\t\t\t<span class=\"elementor-icon-list-icon\">\n\t\t\t\t\t\t\t\t\t\t\t\t\t\t\t\t<i class=\"fa fa-map-o\" aria-hidden=\"true\"><\/i>\n\t\t\t\t\t\t\t\t\t\t\t\t\t<\/span>\n\t\t\t\t\t\t\t\t\t\t<span class=\"elementor-icon-list-text\">The exhibition is not currently on display.<\/span>\n\t\t\t\t\t\t\t\t\t<\/li>\n\t\t\t\t\t\t<\/ul>\n\t\t\t\t\t\t<\/div>\n\t\t\t\t<\/div>\n\t\t\t\t\t<\/div>\n\t\t<\/div>\n\t\t\t\t\t<\/div>\n\t\t<\/section>\n\t\t\t\t<section class=\"elementor-section elementor-top-section elementor-element elementor-element-7896882 elementor-section-boxed elementor-section-height-default elementor-section-height-default\" data-id=\"7896882\" data-element_type=\"section\" data-e-type=\"section\">\n\t\t\t\t\t\t<div class=\"elementor-container elementor-column-gap-default\">\n\t\t\t\t\t<div class=\"elementor-column elementor-col-100 elementor-top-column elementor-element elementor-element-3c2ce934\" data-id=\"3c2ce934\" data-element_type=\"column\" data-e-type=\"column\">\n\t\t\t<div class=\"elementor-widget-wrap elementor-element-populated\">\n\t\t\t\t\t\t<div class=\"elementor-element elementor-element-1c0624b3 gallery-spacing-custom elementor-widget elementor-widget-image-gallery\" data-id=\"1c0624b3\" data-element_type=\"widget\" data-e-type=\"widget\" data-widget_type=\"image-gallery.default\">\n\t\t\t\t<div class=\"elementor-widget-container\">\n\t\t\t\t\t\t\t<div class=\"elementor-image-gallery\">\n\t\t\t<div id='gallery-1' class='gallery galleryid-32674 gallery-columns-3 gallery-size-medium'><figure class='gallery-item'>\n\t\t\t<div class='gallery-icon landscape'>\n\t\t\t\t<a  href='https:\/\/www.stiftung-denkmal.de\/wp-content\/uploads\/Foto-1.jpg'><img fetchpriority=\"high\" decoding=\"async\" width=\"300\" height=\"225\" src=\"https:\/\/www.stiftung-denkmal.de\/wp-content\/uploads\/Foto-1-300x225.jpg\" class=\"attachment-medium size-medium\" alt=\"Photo 1\" aria-describedby=\"gallery-1-25029\" srcset=\"https:\/\/www.stiftung-denkmal.de\/wp-content\/uploads\/Foto-1-300x225.jpg 300w, https:\/\/www.stiftung-denkmal.de\/wp-content\/uploads\/Foto-1-600x450.jpg 600w, https:\/\/www.stiftung-denkmal.de\/wp-content\/uploads\/Foto-1-768x576.jpg 768w, https:\/\/www.stiftung-denkmal.de\/wp-content\/uploads\/Foto-1-1280x960.jpg 1280w, https:\/\/www.stiftung-denkmal.de\/wp-content\/uploads\/Foto-1.jpg 1632w\" sizes=\"(max-width: 300px) 100vw, 300px\" \/><\/a>\n\t\t\t<\/div>\n\t\t\t\t<figcaption class='wp-caption-text gallery-caption' id='gallery-1-25029'>\n\t\t\t\tPhoto 1\n\t\t\t\t<\/figcaption><\/figure><figure class='gallery-item'>\n\t\t\t<div class='gallery-icon landscape'>\n\t\t\t\t<a  href='https:\/\/www.stiftung-denkmal.de\/wp-content\/uploads\/IMG_3725.jpg'><img decoding=\"async\" width=\"300\" height=\"196\" src=\"https:\/\/www.stiftung-denkmal.de\/wp-content\/uploads\/IMG_3725-300x196.jpg\" class=\"attachment-medium size-medium\" alt=\"IMG 3725\" aria-describedby=\"gallery-1-25162\" srcset=\"https:\/\/www.stiftung-denkmal.de\/wp-content\/uploads\/IMG_3725-300x196.jpg 300w, https:\/\/www.stiftung-denkmal.de\/wp-content\/uploads\/IMG_3725-600x392.jpg 600w, https:\/\/www.stiftung-denkmal.de\/wp-content\/uploads\/IMG_3725-768x502.jpg 768w, https:\/\/www.stiftung-denkmal.de\/wp-content\/uploads\/IMG_3725.jpg 1024w\" sizes=\"(max-width: 300px) 100vw, 300px\" \/><\/a>\n\t\t\t<\/div>\n\t\t\t\t<figcaption class='wp-caption-text gallery-caption' id='gallery-1-25162'>\n\t\t\t\tIMG 3725\n\t\t\t\t<\/figcaption><\/figure><figure class='gallery-item'>\n\t\t\t<div class='gallery-icon landscape'>\n\t\t\t\t<a  href='https:\/\/www.stiftung-denkmal.de\/wp-content\/uploads\/Foto-6.jpg'><img decoding=\"async\" width=\"300\" height=\"225\" src=\"https:\/\/www.stiftung-denkmal.de\/wp-content\/uploads\/Foto-6-300x225.jpg\" class=\"attachment-medium size-medium\" alt=\"Photo 6\" aria-describedby=\"gallery-1-25053\" srcset=\"https:\/\/www.stiftung-denkmal.de\/wp-content\/uploads\/Foto-6-300x225.jpg 300w, https:\/\/www.stiftung-denkmal.de\/wp-content\/uploads\/Foto-6-600x450.jpg 600w, https:\/\/www.stiftung-denkmal.de\/wp-content\/uploads\/Foto-6-768x576.jpg 768w, https:\/\/www.stiftung-denkmal.de\/wp-content\/uploads\/Foto-6-1280x960.jpg 1280w, https:\/\/www.stiftung-denkmal.de\/wp-content\/uploads\/Foto-6.jpg 1632w\" sizes=\"(max-width: 300px) 100vw, 300px\" \/><\/a>\n\t\t\t<\/div>\n\t\t\t\t<figcaption class='wp-caption-text gallery-caption' id='gallery-1-25053'>\n\t\t\t\tPhoto 6\n\t\t\t\t<\/figcaption><\/figure>\n\t\t<\/div>\n\t\t<\/div>\n\t\t\t\t\t\t<\/div>\n\t\t\t\t<\/div>\n\t\t\t\t\t<\/div>\n\t\t<\/div>\n\t\t\t\t\t<\/div>\n\t\t<\/section>\n\t\t\t\t<section class=\"elementor-section elementor-top-section elementor-element elementor-element-4dcb88e elementor-section-boxed elementor-section-height-default elementor-section-height-default\" data-id=\"4dcb88e\" data-element_type=\"section\" data-e-type=\"section\">\n\t\t\t\t\t\t<div class=\"elementor-container elementor-column-gap-default\">\n\t\t\t\t\t<div class=\"elementor-column elementor-col-66 elementor-top-column elementor-element elementor-element-2684216\" data-id=\"2684216\" data-element_type=\"column\" data-e-type=\"column\">\n\t\t\t<div class=\"elementor-widget-wrap elementor-element-populated\">\n\t\t\t\t\t\t<div class=\"elementor-element elementor-element-f97d03d elementor-widget elementor-widget-heading\" data-id=\"f97d03d\" data-element_type=\"widget\" data-e-type=\"widget\" data-widget_type=\"heading.default\">\n\t\t\t\t<div class=\"elementor-widget-container\">\n\t\t\t\t\t<h2 class=\"elementor-heading-title elementor-size-default\">Exhibition<\/h2>\t\t\t\t<\/div>\n\t\t\t\t<\/div>\n\t\t\t\t<div class=\"elementor-element elementor-element-67b37cf elementor-widget elementor-widget-text-editor\" data-id=\"67b37cf\" data-element_type=\"widget\" data-e-type=\"widget\" data-widget_type=\"text-editor.default\">\n\t\t\t\t<div class=\"elementor-widget-container\">\n\t\t\t\t\t\t\t\t\t<div class=\"two-third-left\">\n<p class=\"bodytext\">On the occasion of the 75th anniversary of the \u00bbReichspogromnacht\u00ab, the exhibition compares the situation of the Jewish population in the Prussian provinces of Hanover and East Prussia and illustrates that the persecution and later murder of Jews followed similar patterns.<\/p>\n<p class=\"bodytext\">Both provinces were approximately the same size, had culturally and historically important capitals: Hanover and K\u00f6nigsberg. The exhibition aims to explain the situation of the Jewish communities until the Nazis came to power and their persecution by the new regime, the so-called Kristallnacht and the extermination until 1945.<\/p>\n<p class=\"bodytext\">The exhibition is intended to make a cross-border contribution to the joint German-Russian investigation of recent history in Central Europe and can therefore be seen simultaneously in Germany and Russia.<\/p>\n<\/div>\n<div class=\"two-third-left\">\n<p class=\"bodytext\">A joint exhibition project of the Federal Foundation Memorial to the Murdered Jews of Europe (Berlin) and the <a class=\"extern\" title=\"Link to the website: http:\/\/www.ostpreussisches-landesmuseum.de\/startseite.html\" href=\"http:\/\/www.ostpreussisches-landesmuseum.de\/startseite.html\" target=\"_blank\" rel=\"noopener\">East Prussian State Museum (L\u00fcneburg)<\/a> in cooperation with the <a class=\"extern\" title=\"Link to website: http:\/\/www.drh-k.ru\/main-deu.htm\" href=\"http:\/\/www.drh-k.ru\/main-deu.htm\" target=\"_blank\" rel=\"noopener\">German-Russian<\/a>House, the Jewish Community and the <a class=\"extern\" title=\"Link to website: http:\/\/www.germania.diplo.de\/Vertretung\/russland\/ru\/04-kali\/0-gk.html\" href=\"http:\/\/www.germania.diplo.de\/Vertretung\/russland\/ru\/04-kali\/0-gk.html\" target=\"_blank\" rel=\"noopener\">German Consulate General Kaliningrad<\/a>, the <a class=\"extern\" title=\"Link to website: http:\/\/www.cjudaicum.de\/\" href=\"http:\/\/www.cjudaicum.de\/\" target=\"_blank\" rel=\"noopener\">Foundation Neue Synagogue Berlin \u2013 Centrum Judaicum<\/a>, the <a class=\"extern\" title=\"Link to the website: http:\/\/www.ikgn.de\/cms\/\" href=\"http:\/\/www.ikgn.de\/cms\/\" target=\"_blank\" rel=\"noopener\">Nordost-Institut\/IKGN e. V. (L\u00fcneburg)<\/a> and the <a class=\"extern\" title=\"Link to website: http:\/\/www.stadtgemeinschaft-koenigsberg.de\/\" href=\"http:\/\/www.stadtgemeinschaft-koenigsberg.de\/\" target=\"_blank\" rel=\"noopener\">Stadtgemeinschaft K\u00f6nigsberg<\/a>.<\/p>\n<\/div>\n\t\t\t\t\t\t\t\t<\/div>\n\t\t\t\t<\/div>\n\t\t\t\t\t<\/div>\n\t\t<\/div>\n\t\t\t\t<div class=\"elementor-column elementor-col-33 elementor-top-column elementor-element elementor-element-5182b0e\" data-id=\"5182b0e\" data-element_type=\"column\" data-e-type=\"column\">\n\t\t\t<div class=\"elementor-widget-wrap elementor-element-populated\">\n\t\t\t\t\t\t<div class=\"elementor-element elementor-element-838979c elementor-widget elementor-widget-heading\" data-id=\"838979c\" data-element_type=\"widget\" data-e-type=\"widget\" data-widget_type=\"heading.default\">\n\t\t\t\t<div class=\"elementor-widget-container\">\n\t\t\t\t\t<h2 class=\"elementor-heading-title elementor-size-default\">Your questions<\/h2>\t\t\t\t<\/div>\n\t\t\t\t<\/div>\n\t\t\t\t<div class=\"elementor-element elementor-element-9efea2b elementor-icon-list--layout-traditional elementor-list-item-link-full_width elementor-widget elementor-widget-icon-list\" data-id=\"9efea2b\" data-element_type=\"widget\" data-e-type=\"widget\" data-widget_type=\"icon-list.default\">\n\t\t\t\t<div class=\"elementor-widget-container\">\n\t\t\t\t\t\t\t<ul class=\"elementor-icon-list-items\">\n\t\t\t\t\t\t\t<li class=\"elementor-icon-list-item\">\n\t\t\t\t\t\t\t\t\t\t\t<span class=\"elementor-icon-list-icon\">\n\t\t\t\t\t\t\t\t\t\t\t\t\t\t\t\t<i class=\"fa fa-phone\" aria-hidden=\"true\"><\/i>\n\t\t\t\t\t\t\t\t\t\t\t\t\t<\/span>\n\t\t\t\t\t\t\t\t\t\t<span class=\"elementor-icon-list-text\">+49 30 263943 27<\/span>\n\t\t\t\t\t\t\t\t\t<\/li>\n\t\t\t\t\t\t\t\t<li class=\"elementor-icon-list-item\">\n\t\t\t\t\t\t\t\t\t\t\t<a href=\"mailto:%20ulrich.baumann@stiftung-denkmal.de\">\n\n\t\t\t\t\t\t\t\t\t\t\t\t<span class=\"elementor-icon-list-icon\">\n\t\t\t\t\t\t\t\t\t\t\t\t\t\t\t\t<i class=\"fa fa-envelope\" aria-hidden=\"true\"><\/i>\n\t\t\t\t\t\t\t\t\t\t\t\t\t<\/span>\n\t\t\t\t\t\t\t\t\t\t<span class=\"elementor-icon-list-text\">ulrich.baumann@stiftung-denkmal.de<\/span>\n\t\t\t\t\t\t\t\t\t\t\t<\/a>\n\t\t\t\t\t\t\t\t\t<\/li>\n\t\t\t\t\t\t<\/ul>\n\t\t\t\t\t\t<\/div>\n\t\t\t\t<\/div>\n\t\t\t\t\t<\/div>\n\t\t<\/div>\n\t\t\t\t\t<\/div>\n\t\t<\/section>\n\t\t\t\t<section class=\"elementor-section elementor-top-section elementor-element elementor-element-73b4f0a8 elementor-section-stretched elementor-section-height-min-height elementor-hidden-phone elementor-section-boxed elementor-section-height-default elementor-section-items-middle\" data-id=\"73b4f0a8\" data-element_type=\"section\" data-e-type=\"section\" data-settings=\"{&quot;stretch_section&quot;:&quot;section-stretched&quot;,&quot;background_background&quot;:&quot;classic&quot;}\">\n\t\t\t\t\t\t\t<div class=\"elementor-background-overlay\"><\/div>\n\t\t\t\t\t\t\t<div class=\"elementor-container elementor-column-gap-default\">\n\t\t\t\t\t<div class=\"elementor-column elementor-col-100 elementor-top-column elementor-element elementor-element-2afccff4\" data-id=\"2afccff4\" data-element_type=\"column\" data-e-type=\"column\" data-settings=\"{&quot;background_background&quot;:&quot;classic&quot;}\">\n\t\t\t<div class=\"elementor-widget-wrap\">\n\t\t\t\t\t\t\t<\/div>\n\t\t<\/div>\n\t\t\t\t\t<\/div>\n\t\t<\/section>\n\t\t\t\t<section class=\"elementor-section elementor-top-section elementor-element elementor-element-4cc59af elementor-section-boxed elementor-section-height-default elementor-section-height-default\" data-id=\"4cc59af\" data-element_type=\"section\" data-e-type=\"section\">\n\t\t\t\t\t\t<div class=\"elementor-container elementor-column-gap-default\">\n\t\t\t\t\t<div class=\"elementor-column elementor-col-100 elementor-top-column elementor-element elementor-element-dd6eed0\" data-id=\"dd6eed0\" data-element_type=\"column\" data-e-type=\"column\">\n\t\t\t<div class=\"elementor-widget-wrap elementor-element-populated\">\n\t\t\t\t\t\t<div class=\"elementor-element elementor-element-11490e4 elementor-widget elementor-widget-heading\" data-id=\"11490e4\" data-element_type=\"widget\" data-e-type=\"widget\" data-widget_type=\"heading.default\">\n\t\t\t\t<div class=\"elementor-widget-container\">\n\t\t\t\t\t<h2 class=\"elementor-heading-title elementor-size-default\">Publications<\/h2>\t\t\t\t<\/div>\n\t\t\t\t<\/div>\n\t\t\t\t<div class=\"elementor-element elementor-element-bda0841 elementor-widget elementor-widget-text-editor\" data-id=\"bda0841\" data-element_type=\"widget\" data-e-type=\"widget\" data-widget_type=\"text-editor.default\">\n\t\t\t\t<div class=\"elementor-widget-container\">\n\t\t\t\t\t\t\t\t\t<div class=\"piclist\">\n<div class=\"csc-textpic csc-textpic-intext-right\">\n<div class=\"csc-textpic-text\">\n<p class=\"bodytext\">\u00bbAlles brannte\u00ab \u2013 J\u00fcdisches Leben und seine Zerst\u00f6rung in den preu\u00dfischen Provinzen Hannover und Ostpreu\u00dfen, Berlin 2014, Hrsg.: Stiftung Denkmal f\u00fcr die ermordeten Juden Europas, Ostpreu\u00dfisches Landesmuseum L\u00fcneburg, ISBN: 978-3-942240-13-0<br \/>Price: \u20ac 15,00 plus shipping costs<\/p>\n<p class=\"bodytext\">Available in German at the Information Centre (Memorial to the Murdered Jews of Europe), in bookshops and at <a href=\"_wp_link_placeholder\" data-wplink-edit=\"true\">info[at]stiftung-denkmal.de<\/a><\/p>\n<\/div>\n<\/div>\n<\/div>\n\t\t\t\t\t\t\t\t<\/div>\n\t\t\t\t<\/div>\n\t\t\t\t\t<\/div>\n\t\t<\/div>\n\t\t\t\t\t<\/div>\n\t\t<\/section>\n\t\t\t\t<section class=\"elementor-section elementor-top-section elementor-element elementor-element-5d2fc5d5 elementor-section-boxed elementor-section-height-default elementor-section-height-default\" data-id=\"5d2fc5d5\" data-element_type=\"section\" data-e-type=\"section\">\n\t\t\t\t\t\t<div class=\"elementor-container elementor-column-gap-default\">\n\t\t\t\t\t<div class=\"elementor-column elementor-col-100 elementor-top-column elementor-element elementor-element-29619185\" data-id=\"29619185\" data-element_type=\"column\" data-e-type=\"column\">\n\t\t\t<div class=\"elementor-widget-wrap elementor-element-populated\">\n\t\t\t\t\t\t<div class=\"elementor-element elementor-element-574ca14d elementor-widget elementor-widget-heading\" data-id=\"574ca14d\" data-element_type=\"widget\" data-e-type=\"widget\" data-widget_type=\"heading.default\">\n\t\t\t\t<div class=\"elementor-widget-container\">\n\t\t\t\t\t<h2 class=\"elementor-heading-title elementor-size-default\">Previous stations<\/h2>\t\t\t\t<\/div>\n\t\t\t\t<\/div>\n\t\t\t\t<div class=\"elementor-element elementor-element-2b58c1b7 elementor-testimonial--layout-image_stacked elementor-pagination-type-progressbar elementor-testimonial--skin-default elementor-testimonial--align-center elementor-arrows-yes elementor-widget elementor-widget-testimonial-carousel\" data-id=\"2b58c1b7\" data-element_type=\"widget\" data-e-type=\"widget\" data-settings=\"{&quot;slides_per_view&quot;:&quot;5&quot;,&quot;pagination&quot;:&quot;progressbar&quot;,&quot;space_between&quot;:{&quot;unit&quot;:&quot;px&quot;,&quot;size&quot;:5,&quot;sizes&quot;:[]},&quot;show_arrows&quot;:&quot;yes&quot;,&quot;speed&quot;:500,&quot;autoplay&quot;:&quot;yes&quot;,&quot;autoplay_speed&quot;:5000,&quot;loop&quot;:&quot;yes&quot;,&quot;pause_on_hover&quot;:&quot;yes&quot;,&quot;pause_on_interaction&quot;:&quot;yes&quot;,&quot;space_between_tablet&quot;:{&quot;unit&quot;:&quot;px&quot;,&quot;size&quot;:10,&quot;sizes&quot;:[]},&quot;space_between_mobile&quot;:{&quot;unit&quot;:&quot;px&quot;,&quot;size&quot;:10,&quot;sizes&quot;:[]}}\" data-widget_type=\"testimonial-carousel.default\">\n\t\t\t\t<div class=\"elementor-widget-container\">\n\t\t\t\t\t\t\t\t\t<div class=\"elementor-swiper\">\n\t\t\t\t\t<div class=\"elementor-main-swiper swiper\" role=\"region\" aria-roledescription=\"carousel\" aria-label=\"Slides\">\n\t\t\t\t<div class=\"swiper-wrapper\">\n\t\t\t\t\t\t\t\t\t\t\t<div class=\"swiper-slide\" role=\"group\" aria-roledescription=\"slide\">\n\t\t\t\t\t\t\t\t\t<div class=\"elementor-testimonial\">\n\t\t\t\t\t\t\t<div class=\"elementor-testimonial__content\">\n\t\t\t\t\t<div class=\"elementor-testimonial__text\">\n\t\t\t\t\t\t<p>27 January to 30 April 2019 <\/p>\n\t\t\t\t\t<\/div>\n\t\t\t\t\t\t\t\t\t<\/div>\n\t\t\t\t\t\t<div class=\"elementor-testimonial__footer\">\n\t\t\t\t\t\t\t\t<cite class=\"elementor-testimonial__cite\"><span class=\"elementor-testimonial__name\">Dokumentationsst\u00e4tte Gnadenkirche Tidofeld, Donaustra\u00dfe 12, 26506 Norden<\/span><\/cite>\t\t\t<\/div>\n\t\t<\/div>\n\t\t\t\t\t\t\t\t<\/div>\n\t\t\t\t\t\t\t\t\t\t\t<div class=\"swiper-slide\" role=\"group\" aria-roledescription=\"slide\">\n\t\t\t\t\t\t\t\t\t<div class=\"elementor-testimonial\">\n\t\t\t\t\t\t\t<div class=\"elementor-testimonial__content\">\n\t\t\t\t\t<div class=\"elementor-testimonial__text\">\n\t\t\t\t\t\t<p>9 November to 20 December 2018<\/p>\n\t\t\t\t\t<\/div>\n\t\t\t\t\t\t\t\t\t<\/div>\n\t\t\t\t\t\t<div class=\"elementor-testimonial__footer\">\n\t\t\t\t\t\t\t\t<cite class=\"elementor-testimonial__cite\"><span class=\"elementor-testimonial__name\">Universit\u00e4tsbibliothek am Westerberg, Nelson-Mandela-Platz 1, 49076 Osnabr\u00fcck<\/span><\/cite>\t\t\t<\/div>\n\t\t<\/div>\n\t\t\t\t\t\t\t\t<\/div>\n\t\t\t\t\t\t\t\t\t\t\t<div class=\"swiper-slide\" role=\"group\" aria-roledescription=\"slide\">\n\t\t\t\t\t\t\t\t\t<div class=\"elementor-testimonial\">\n\t\t\t\t\t\t\t<div class=\"elementor-testimonial__content\">\n\t\t\t\t\t<div class=\"elementor-testimonial__text\">\n\t\t\t\t\t\t<p>27 April to 31 August 2014<\/p>\n\t\t\t\t\t<\/div>\n\t\t\t\t\t\t\t\t\t<\/div>\n\t\t\t\t\t\t<div class=\"elementor-testimonial__footer\">\n\t\t\t\t\t\t\t\t<cite class=\"elementor-testimonial__cite\"><span class=\"elementor-testimonial__name\">Neue Synagoge Berlin - Centrum Judaicum, Oranienburger Str. 28-30, 10117 Berlin<\/span><\/cite>\t\t\t<\/div>\n\t\t<\/div>\n\t\t\t\t\t\t\t\t<\/div>\n\t\t\t\t\t\t\t\t\t\t\t<div class=\"swiper-slide\" role=\"group\" aria-roledescription=\"slide\">\n\t\t\t\t\t\t\t\t\t<div class=\"elementor-testimonial\">\n\t\t\t\t\t\t\t<div class=\"elementor-testimonial__content\">\n\t\t\t\t\t<div class=\"elementor-testimonial__text\">\n\t\t\t\t\t\t<p>9 November to 6 December 2013<\/p>\n\t\t\t\t\t<\/div>\n\t\t\t\t\t\t\t\t\t<\/div>\n\t\t\t\t\t\t<div class=\"elementor-testimonial__footer\">\n\t\t\t\t\t\t\t\t<cite class=\"elementor-testimonial__cite\"><span class=\"elementor-testimonial__name\">Deutsch-Russisches Haus Kaliningrad (K\u00f6nigsberg), Ul. Jaltinskaja 2a, 236001 Kaliningrad, Russia<\/span><\/cite>\t\t\t<\/div>\n\t\t<\/div>\n\t\t\t\t\t\t\t\t<\/div>\n\t\t\t\t\t\t\t\t\t\t\t<div class=\"swiper-slide\" role=\"group\" aria-roledescription=\"slide\">\n\t\t\t\t\t\t\t\t\t<div class=\"elementor-testimonial\">\n\t\t\t\t\t\t\t<div class=\"elementor-testimonial__content\">\n\t\t\t\t\t<div class=\"elementor-testimonial__text\">\n\t\t\t\t\t\t<p>17 November 2013 to 24 April 2014 <\/p>\n\t\t\t\t\t<\/div>\n\t\t\t\t\t\t\t\t\t<\/div>\n\t\t\t\t\t\t<div class=\"elementor-testimonial__footer\">\n\t\t\t\t\t\t\t\t<cite class=\"elementor-testimonial__cite\"><span class=\"elementor-testimonial__name\">Ostpreussisches Landesmuseum L\u00fcneburg , Ritterstra\u00dfe 10, 21335 L\u00fcneburg<\/span><\/cite>\t\t\t<\/div>\n\t\t<\/div>\n\t\t\t\t\t\t\t\t<\/div>\n\t\t\t\t\t\t\t\t\t<\/div>\n\t\t\t\t\t\t\t\t\t\t\t\t\t\t\t<div class=\"elementor-swiper-button elementor-swiper-button-prev\" role=\"button\" tabindex=\"0\" aria-label=\"Previous\">\n\t\t\t\t\t\t\t<i aria-hidden=\"true\" class=\"eicon-chevron-left\"><\/i>\t\t\t\t\t\t<\/div>\n\t\t\t\t\t\t<div class=\"elementor-swiper-button elementor-swiper-button-next\" role=\"button\" tabindex=\"0\" aria-label=\"Next\">\n\t\t\t\t\t\t\t<i aria-hidden=\"true\" class=\"eicon-chevron-right\"><\/i>\t\t\t\t\t\t<\/div>\n\t\t\t\t\t\t\t\t\t\t\t\t\t\t\t\t<div class=\"swiper-pagination\"><\/div>\n\t\t\t\t\t\t\t\t\t\t\t\t<\/div>\n\t\t\t\t<\/div>\n\t\t\t\t\t\t\t\t<\/div>\n\t\t\t\t<\/div>\n\t\t\t\t<div class=\"elementor-element elementor-element-23550b0f elementor-widget-divider--view-line elementor-widget elementor-widget-divider\" data-id=\"23550b0f\" data-element_type=\"widget\" data-e-type=\"widget\" data-widget_type=\"divider.default\">\n\t\t\t\t<div class=\"elementor-widget-container\">\n\t\t\t\t\t\t\t<div class=\"elementor-divider\">\n\t\t\t<span class=\"elementor-divider-separator\">\n\t\t\t\t\t\t<\/span>\n\t\t<\/div>\n\t\t\t\t\t\t<\/div>\n\t\t\t\t<\/div>\n\t\t\t\t\t<\/div>\n\t\t<\/div>\n\t\t\t\t\t<\/div>\n\t\t<\/section>\n\t\t\t\t<\/div>\n\t\t","protected":false},"excerpt":{"rendered":"<p>The exhibition is not currently on display. Foto 1 IMG<\/p>\n","protected":false},"featured_media":25035,"comment_status":"closed","ping_status":"closed","template":"","work_genre":[392],"class_list":{"0":"post-32674","1":"work","2":"type-work","3":"status-publish","4":"has-post-thumbnail","6":"work_genre-special-exhibition"},"yoast_head":"<!-- This site is optimized with the Yoast SEO plugin v27.3 - https:\/\/yoast.com\/product\/yoast-seo-wordpress\/ -->\n<title>\u00bbEverything was burning\u00ab \u2013 Jewish life and its destruction in the Prussian provinces of Hanover and East Prussia - Stiftung Denkmal f\u00fcr die ermordeten Juden Europas<\/title>\n<meta name=\"robots\" content=\"index, follow, max-snippet:-1, max-image-preview:large, max-video-preview:-1\" \/>\n<link rel=\"canonical\" href=\"https:\/\/www.stiftung-denkmal.de\/en\/ausstellung\/everything-was-burning-jewish-life-and-its-destruction-in-the-prussian-provinces-of-hanover-and-east-prussia\/\" \/>\n<meta property=\"og:locale\" content=\"en_US\" \/>\n<meta property=\"og:type\" content=\"article\" \/>\n<meta property=\"og:title\" content=\"\u00bbEverything was burning\u00ab \u2013 Jewish life and its destruction in the Prussian provinces of Hanover and East Prussia - Stiftung Denkmal f\u00fcr die ermordeten Juden Europas\" \/>\n<meta property=\"og:description\" content=\"The exhibition is not currently on display. Foto 1 IMG\" \/>\n<meta property=\"og:url\" content=\"https:\/\/www.stiftung-denkmal.de\/en\/ausstellung\/everything-was-burning-jewish-life-and-its-destruction-in-the-prussian-provinces-of-hanover-and-east-prussia\/\" \/>\n<meta property=\"og:site_name\" content=\"Stiftung Denkmal f\u00fcr die ermordeten Juden Europas\" \/>\n<meta property=\"article:modified_time\" content=\"2019-07-30T14:06:06+00:00\" \/>\n<meta property=\"og:image\" content=\"https:\/\/www.stiftung-denkmal.de\/wp-content\/uploads\/Foto-3.jpg\" \/>\n\t<meta property=\"og:image:width\" content=\"1632\" \/>\n\t<meta property=\"og:image:height\" content=\"1224\" \/>\n\t<meta property=\"og:image:type\" content=\"image\/jpeg\" \/>\n<meta name=\"twitter:card\" content=\"summary_large_image\" \/>\n<meta name=\"twitter:label1\" content=\"Est. reading time\" \/>\n\t<meta name=\"twitter:data1\" content=\"2 minutes\" \/>\n<script type=\"application\/ld+json\" class=\"yoast-schema-graph\">{\"@context\":\"https:\\\/\\\/schema.org\",\"@graph\":[{\"@type\":\"WebPage\",\"@id\":\"https:\\\/\\\/www.stiftung-denkmal.de\\\/en\\\/ausstellung\\\/everything-was-burning-jewish-life-and-its-destruction-in-the-prussian-provinces-of-hanover-and-east-prussia\\\/\",\"url\":\"https:\\\/\\\/www.stiftung-denkmal.de\\\/en\\\/ausstellung\\\/everything-was-burning-jewish-life-and-its-destruction-in-the-prussian-provinces-of-hanover-and-east-prussia\\\/\",\"name\":\"\u00bbEverything was burning\u00ab \u2013 Jewish life and its destruction in the Prussian provinces of Hanover and East Prussia - Stiftung Denkmal f\u00fcr die ermordeten Juden Europas\",\"isPartOf\":{\"@id\":\"https:\\\/\\\/www.stiftung-denkmal.de\\\/en\\\/#website\"},\"primaryImageOfPage\":{\"@id\":\"https:\\\/\\\/www.stiftung-denkmal.de\\\/en\\\/ausstellung\\\/everything-was-burning-jewish-life-and-its-destruction-in-the-prussian-provinces-of-hanover-and-east-prussia\\\/#primaryimage\"},\"image\":{\"@id\":\"https:\\\/\\\/www.stiftung-denkmal.de\\\/en\\\/ausstellung\\\/everything-was-burning-jewish-life-and-its-destruction-in-the-prussian-provinces-of-hanover-and-east-prussia\\\/#primaryimage\"},\"thumbnailUrl\":\"https:\\\/\\\/www.stiftung-denkmal.de\\\/wp-content\\\/uploads\\\/Foto-3.jpg\",\"datePublished\":\"2013-11-13T10:31:08+00:00\",\"dateModified\":\"2019-07-30T14:06:06+00:00\",\"breadcrumb\":{\"@id\":\"https:\\\/\\\/www.stiftung-denkmal.de\\\/en\\\/ausstellung\\\/everything-was-burning-jewish-life-and-its-destruction-in-the-prussian-provinces-of-hanover-and-east-prussia\\\/#breadcrumb\"},\"inLanguage\":\"en-US\",\"potentialAction\":[{\"@type\":\"ReadAction\",\"target\":[\"https:\\\/\\\/www.stiftung-denkmal.de\\\/en\\\/ausstellung\\\/everything-was-burning-jewish-life-and-its-destruction-in-the-prussian-provinces-of-hanover-and-east-prussia\\\/\"]}]},{\"@type\":\"ImageObject\",\"inLanguage\":\"en-US\",\"@id\":\"https:\\\/\\\/www.stiftung-denkmal.de\\\/en\\\/ausstellung\\\/everything-was-burning-jewish-life-and-its-destruction-in-the-prussian-provinces-of-hanover-and-east-prussia\\\/#primaryimage\",\"url\":\"https:\\\/\\\/www.stiftung-denkmal.de\\\/wp-content\\\/uploads\\\/Foto-3.jpg\",\"contentUrl\":\"https:\\\/\\\/www.stiftung-denkmal.de\\\/wp-content\\\/uploads\\\/Foto-3.jpg\",\"width\":1632,\"height\":1224,\"caption\":\"Photo 3\"},{\"@type\":\"BreadcrumbList\",\"@id\":\"https:\\\/\\\/www.stiftung-denkmal.de\\\/en\\\/ausstellung\\\/everything-was-burning-jewish-life-and-its-destruction-in-the-prussian-provinces-of-hanover-and-east-prussia\\\/#breadcrumb\",\"itemListElement\":[{\"@type\":\"ListItem\",\"position\":1,\"name\":\"Startseite\",\"item\":\"https:\\\/\\\/www.stiftung-denkmal.de\\\/en\\\/\"},{\"@type\":\"ListItem\",\"position\":2,\"name\":\"\u00bbEverything was burning\u00ab \u2013 Jewish life and its destruction in the Prussian provinces of Hanover and East Prussia\"}]},{\"@type\":\"WebSite\",\"@id\":\"https:\\\/\\\/www.stiftung-denkmal.de\\\/en\\\/#website\",\"url\":\"https:\\\/\\\/www.stiftung-denkmal.de\\\/en\\\/\",\"name\":\"Stiftung Denkmal f\u00fcr die ermordeten Juden Europas\",\"description\":\"\",\"publisher\":{\"@id\":\"https:\\\/\\\/www.stiftung-denkmal.de\\\/en\\\/#organization\"},\"potentialAction\":[{\"@type\":\"SearchAction\",\"target\":{\"@type\":\"EntryPoint\",\"urlTemplate\":\"https:\\\/\\\/www.stiftung-denkmal.de\\\/en\\\/?s={search_term_string}\"},\"query-input\":{\"@type\":\"PropertyValueSpecification\",\"valueRequired\":true,\"valueName\":\"search_term_string\"}}],\"inLanguage\":\"en-US\"},{\"@type\":\"Organization\",\"@id\":\"https:\\\/\\\/www.stiftung-denkmal.de\\\/en\\\/#organization\",\"name\":\"Stiftung Denkmal f\u00fcr die ermordeten Juden Europas\",\"url\":\"https:\\\/\\\/www.stiftung-denkmal.de\\\/en\\\/\",\"logo\":{\"@type\":\"ImageObject\",\"inLanguage\":\"en-US\",\"@id\":\"https:\\\/\\\/www.stiftung-denkmal.de\\\/en\\\/#\\\/schema\\\/logo\\\/image\\\/\",\"url\":\"https:\\\/\\\/www.stiftung-denkmal.de\\\/wp-content\\\/uploads\\\/LOGOPC_small.jpg\",\"contentUrl\":\"https:\\\/\\\/www.stiftung-denkmal.de\\\/wp-content\\\/uploads\\\/LOGOPC_small.jpg\",\"width\":128,\"height\":116,\"caption\":\"Stiftung Denkmal f\u00fcr die ermordeten Juden Europas\"},\"image\":{\"@id\":\"https:\\\/\\\/www.stiftung-denkmal.de\\\/en\\\/#\\\/schema\\\/logo\\\/image\\\/\"}}]}<\/script>\n<!-- \/ Yoast SEO plugin. -->","yoast_head_json":{"title":"\u00bbEverything was burning\u00ab \u2013 Jewish life and its destruction in the Prussian provinces of Hanover and East Prussia - Stiftung Denkmal f\u00fcr die ermordeten Juden Europas","robots":{"index":"index","follow":"follow","max-snippet":"max-snippet:-1","max-image-preview":"max-image-preview:large","max-video-preview":"max-video-preview:-1"},"canonical":"https:\/\/www.stiftung-denkmal.de\/en\/ausstellung\/everything-was-burning-jewish-life-and-its-destruction-in-the-prussian-provinces-of-hanover-and-east-prussia\/","og_locale":"en_US","og_type":"article","og_title":"\u00bbEverything was burning\u00ab \u2013 Jewish life and its destruction in the Prussian provinces of Hanover and East Prussia - Stiftung Denkmal f\u00fcr die ermordeten Juden Europas","og_description":"The exhibition is not currently on display. Foto 1 IMG","og_url":"https:\/\/www.stiftung-denkmal.de\/en\/ausstellung\/everything-was-burning-jewish-life-and-its-destruction-in-the-prussian-provinces-of-hanover-and-east-prussia\/","og_site_name":"Stiftung Denkmal f\u00fcr die ermordeten Juden Europas","article_modified_time":"2019-07-30T14:06:06+00:00","og_image":[{"width":1632,"height":1224,"url":"https:\/\/www.stiftung-denkmal.de\/wp-content\/uploads\/Foto-3.jpg","type":"image\/jpeg"}],"twitter_card":"summary_large_image","twitter_misc":{"Est. reading time":"2 minutes"},"schema":{"@context":"https:\/\/schema.org","@graph":[{"@type":"WebPage","@id":"https:\/\/www.stiftung-denkmal.de\/en\/ausstellung\/everything-was-burning-jewish-life-and-its-destruction-in-the-prussian-provinces-of-hanover-and-east-prussia\/","url":"https:\/\/www.stiftung-denkmal.de\/en\/ausstellung\/everything-was-burning-jewish-life-and-its-destruction-in-the-prussian-provinces-of-hanover-and-east-prussia\/","name":"\u00bbEverything was burning\u00ab \u2013 Jewish life and its destruction in the Prussian provinces of Hanover and East Prussia - Stiftung Denkmal f\u00fcr die ermordeten Juden Europas","isPartOf":{"@id":"https:\/\/www.stiftung-denkmal.de\/en\/#website"},"primaryImageOfPage":{"@id":"https:\/\/www.stiftung-denkmal.de\/en\/ausstellung\/everything-was-burning-jewish-life-and-its-destruction-in-the-prussian-provinces-of-hanover-and-east-prussia\/#primaryimage"},"image":{"@id":"https:\/\/www.stiftung-denkmal.de\/en\/ausstellung\/everything-was-burning-jewish-life-and-its-destruction-in-the-prussian-provinces-of-hanover-and-east-prussia\/#primaryimage"},"thumbnailUrl":"https:\/\/www.stiftung-denkmal.de\/wp-content\/uploads\/Foto-3.jpg","datePublished":"2013-11-13T10:31:08+00:00","dateModified":"2019-07-30T14:06:06+00:00","breadcrumb":{"@id":"https:\/\/www.stiftung-denkmal.de\/en\/ausstellung\/everything-was-burning-jewish-life-and-its-destruction-in-the-prussian-provinces-of-hanover-and-east-prussia\/#breadcrumb"},"inLanguage":"en-US","potentialAction":[{"@type":"ReadAction","target":["https:\/\/www.stiftung-denkmal.de\/en\/ausstellung\/everything-was-burning-jewish-life-and-its-destruction-in-the-prussian-provinces-of-hanover-and-east-prussia\/"]}]},{"@type":"ImageObject","inLanguage":"en-US","@id":"https:\/\/www.stiftung-denkmal.de\/en\/ausstellung\/everything-was-burning-jewish-life-and-its-destruction-in-the-prussian-provinces-of-hanover-and-east-prussia\/#primaryimage","url":"https:\/\/www.stiftung-denkmal.de\/wp-content\/uploads\/Foto-3.jpg","contentUrl":"https:\/\/www.stiftung-denkmal.de\/wp-content\/uploads\/Foto-3.jpg","width":1632,"height":1224,"caption":"Photo 3"},{"@type":"BreadcrumbList","@id":"https:\/\/www.stiftung-denkmal.de\/en\/ausstellung\/everything-was-burning-jewish-life-and-its-destruction-in-the-prussian-provinces-of-hanover-and-east-prussia\/#breadcrumb","itemListElement":[{"@type":"ListItem","position":1,"name":"Startseite","item":"https:\/\/www.stiftung-denkmal.de\/en\/"},{"@type":"ListItem","position":2,"name":"\u00bbEverything was burning\u00ab \u2013 Jewish life and its destruction in the Prussian provinces of Hanover and East Prussia"}]},{"@type":"WebSite","@id":"https:\/\/www.stiftung-denkmal.de\/en\/#website","url":"https:\/\/www.stiftung-denkmal.de\/en\/","name":"Stiftung Denkmal f\u00fcr die ermordeten Juden Europas","description":"","publisher":{"@id":"https:\/\/www.stiftung-denkmal.de\/en\/#organization"},"potentialAction":[{"@type":"SearchAction","target":{"@type":"EntryPoint","urlTemplate":"https:\/\/www.stiftung-denkmal.de\/en\/?s={search_term_string}"},"query-input":{"@type":"PropertyValueSpecification","valueRequired":true,"valueName":"search_term_string"}}],"inLanguage":"en-US"},{"@type":"Organization","@id":"https:\/\/www.stiftung-denkmal.de\/en\/#organization","name":"Stiftung Denkmal f\u00fcr die ermordeten Juden Europas","url":"https:\/\/www.stiftung-denkmal.de\/en\/","logo":{"@type":"ImageObject","inLanguage":"en-US","@id":"https:\/\/www.stiftung-denkmal.de\/en\/#\/schema\/logo\/image\/","url":"https:\/\/www.stiftung-denkmal.de\/wp-content\/uploads\/LOGOPC_small.jpg","contentUrl":"https:\/\/www.stiftung-denkmal.de\/wp-content\/uploads\/LOGOPC_small.jpg","width":128,"height":116,"caption":"Stiftung Denkmal f\u00fcr die ermordeten Juden Europas"},"image":{"@id":"https:\/\/www.stiftung-denkmal.de\/en\/#\/schema\/logo\/image\/"}}]}},"_links":{"self":[{"href":"https:\/\/www.stiftung-denkmal.de\/en\/wp-json\/wp\/v2\/work\/32674","targetHints":{"allow":["GET"]}}],"collection":[{"href":"https:\/\/www.stiftung-denkmal.de\/en\/wp-json\/wp\/v2\/work"}],"about":[{"href":"https:\/\/www.stiftung-denkmal.de\/en\/wp-json\/wp\/v2\/types\/work"}],"replies":[{"embeddable":true,"href":"https:\/\/www.stiftung-denkmal.de\/en\/wp-json\/wp\/v2\/comments?post=32674"}],"version-history":[{"count":0,"href":"https:\/\/www.stiftung-denkmal.de\/en\/wp-json\/wp\/v2\/work\/32674\/revisions"}],"wp:featuredmedia":[{"embeddable":true,"href":"https:\/\/www.stiftung-denkmal.de\/en\/wp-json\/wp\/v2\/media\/25035"}],"wp:attachment":[{"href":"https:\/\/www.stiftung-denkmal.de\/en\/wp-json\/wp\/v2\/media?parent=32674"}],"wp:term":[{"taxonomy":"work_genre","embeddable":true,"href":"https:\/\/www.stiftung-denkmal.de\/en\/wp-json\/wp\/v2\/work_genre?post=32674"}],"curies":[{"name":"wp","href":"https:\/\/api.w.org\/{rel}","templated":true}]}}