{"id":13209,"date":"2019-01-18T13:05:06","date_gmt":"2019-01-18T12:05:06","guid":{"rendered":"https:\/\/www.stiftung-denkmal.de\/memorials\/memorial-fuer-die-im-nationalsozialismus-verfolgten-homosexuellen\/"},"modified":"2026-01-06T16:23:26","modified_gmt":"2026-01-06T15:23:26","slug":"memorial-to-the-persecuted-homosexuals-under-national-socialism","status":"publish","type":"page","link":"https:\/\/www.stiftung-denkmal.de\/en\/memorials\/memorial-to-the-persecuted-homosexuals-under-national-socialism\/","title":{"rendered":"Memorial to the Persecuted Homosexuals under National Socialism"},"content":{"rendered":"\t\t<div data-elementor-type=\"wp-post\" data-elementor-id=\"13209\" class=\"elementor elementor-13209 elementor-12448\" data-elementor-post-type=\"page\">\n\t\t\t\t\t\t<section class=\"elementor-section elementor-top-section elementor-element elementor-element-6984a96 elementor-section-boxed elementor-section-height-default elementor-section-height-default\" data-id=\"6984a96\" data-element_type=\"section\" data-e-type=\"section\">\n\t\t\t\t\t\t<div class=\"elementor-container elementor-column-gap-default\">\n\t\t\t\t\t<div class=\"elementor-column elementor-col-100 elementor-top-column elementor-element elementor-element-23b5cb0\" data-id=\"23b5cb0\" data-element_type=\"column\" data-e-type=\"column\">\n\t\t\t<div class=\"elementor-widget-wrap elementor-element-populated\">\n\t\t\t\t\t\t<div class=\"elementor-element elementor-element-d438a47 elementor-hidden-desktop elementor-hidden-tablet elementor-hidden-mobile elementor-alert-info elementor-widget elementor-widget-alert\" data-id=\"d438a47\" data-element_type=\"widget\" data-e-type=\"widget\" data-widget_type=\"alert.default\">\n\t\t\t\t<div class=\"elementor-widget-container\">\n\t\t\t\t\t\t\t<div class=\"elementor-alert\" role=\"alert\">\n\n\t\t\t\t\t\t<span class=\"elementor-alert-title\">+++ Ausstellung schlie\u00dft f\u00fcr eine Woche +++<\/span>\n\t\t\t\n\t\t\t\t\t\t<span class=\"elementor-alert-description\"><p><strong>Vom 18. bis zum 25. November 2024 <\/strong> wird die Ausstellung im Ort der Information aufgrund von Renovierungsarbeiten geschlossen bleiben.<br \/>\nWir bitten um Ihr Verst\u00e4ndnis und freuen uns, Sie ab dem 26. November 2024 wieder in unserer Ausstellung begr\u00fc\u00dfen zu d\u00fcrfen.<\/p>\n<\/span>\n\t\t\t\n\t\t\t\t\t\t<button type=\"button\" class=\"elementor-alert-dismiss\" aria-label=\"Dismiss this alert.\">\n\t\t\t\t\t\t\t\t\t<span aria-hidden=\"true\">&times;<\/span>\n\t\t\t\t\t\t\t<\/button>\n\t\t\t\n\t\t<\/div>\n\t\t\t\t\t\t<\/div>\n\t\t\t\t<\/div>\n\t\t\t\t\t<\/div>\n\t\t<\/div>\n\t\t\t\t\t<\/div>\n\t\t<\/section>\n\t\t\t\t<section class=\"elementor-section elementor-top-section elementor-element elementor-element-b83e297 elementor-section-boxed elementor-section-height-default elementor-section-height-default\" data-id=\"b83e297\" data-element_type=\"section\" data-e-type=\"section\">\n\t\t\t\t\t\t<div class=\"elementor-container elementor-column-gap-default\">\n\t\t\t\t\t<div class=\"elementor-column elementor-col-100 elementor-top-column elementor-element elementor-element-4ed7791\" data-id=\"4ed7791\" data-element_type=\"column\" data-e-type=\"column\">\n\t\t\t<div class=\"elementor-widget-wrap elementor-element-populated\">\n\t\t\t\t\t\t<div class=\"elementor-element elementor-element-41d644b elementor-widget elementor-widget-text-editor\" data-id=\"41d644b\" data-element_type=\"widget\" data-e-type=\"widget\" data-widget_type=\"text-editor.default\">\n\t\t\t\t<div class=\"elementor-widget-container\">\n\t\t\t\t\t\t\t\t\t<p>The memorial is intended to honour the homosexual victims of National Socialism and at the same time &#8220;set a constant sign against intolerance, hostility and exclusion towards gays and lesbians&#8221;. It was designed by Michael Elmgreen (Denmark) and Ingar Dragset (Norway) and was formally handed over to the public on 27 May 2008. The memorial shows a film in a window featuring a same-sex love scene. The current film is by the Israeli artist Yael Bartana.<\/p>\n\t\t\t\t\t\t\t\t<\/div>\n\t\t\t\t<\/div>\n\t\t\t\t\t<\/div>\n\t\t<\/div>\n\t\t\t\t\t<\/div>\n\t\t<\/section>\n\t\t\t\t<section class=\"elementor-section elementor-top-section elementor-element elementor-element-39ed881 elementor-section-boxed elementor-section-height-default elementor-section-height-default\" data-id=\"39ed881\" data-element_type=\"section\" data-e-type=\"section\" data-settings=\"{&quot;background_background&quot;:&quot;classic&quot;}\">\n\t\t\t\t\t\t<div class=\"elementor-container elementor-column-gap-default\">\n\t\t\t\t\t<div class=\"elementor-column elementor-col-100 elementor-top-column elementor-element elementor-element-a792dc2\" data-id=\"a792dc2\" data-element_type=\"column\" data-e-type=\"column\">\n\t\t\t<div class=\"elementor-widget-wrap elementor-element-populated\">\n\t\t\t\t\t\t<div class=\"elementor-element elementor-element-3d09133 elementor-widget elementor-widget-google_maps\" data-id=\"3d09133\" data-element_type=\"widget\" data-e-type=\"widget\" data-widget_type=\"google_maps.default\">\n\t\t\t\t<div class=\"elementor-widget-container\">\n\t\t\t\t\t\t\t<div class=\"elementor-custom-embed\">\n\t\t\t<iframe loading=\"lazy\"\n\t\t\t\t\tsrc=\"https:\/\/maps.google.com\/maps?q=Denkmal%20f%C3%BCr%20die%20verfolgten%20Homosexuellen&#038;t=m&#038;z=14&#038;output=embed&#038;iwloc=near\"\n\t\t\t\t\ttitle=\"Denkmal f\u00fcr die verfolgten Homosexuellen\"\n\t\t\t\t\taria-label=\"Denkmal f\u00fcr die verfolgten Homosexuellen\"\n\t\t\t><\/iframe>\n\t\t<\/div>\n\t\t\t\t\t\t<\/div>\n\t\t\t\t<\/div>\n\t\t\t\t<section class=\"elementor-section elementor-inner-section elementor-element elementor-element-412bf44 elementor-section-content-middle elementor-section-boxed elementor-section-height-default elementor-section-height-default\" data-id=\"412bf44\" data-element_type=\"section\" data-e-type=\"section\">\n\t\t\t\t\t\t<div class=\"elementor-container elementor-column-gap-no\">\n\t\t\t\t\t<div class=\"elementor-column elementor-col-33 elementor-inner-column elementor-element elementor-element-65e4560\" data-id=\"65e4560\" data-element_type=\"column\" data-e-type=\"column\">\n\t\t\t<div class=\"elementor-widget-wrap elementor-element-populated\">\n\t\t\t\t\t\t<div class=\"elementor-element elementor-element-028ef6f elementor-widget elementor-widget-heading\" data-id=\"028ef6f\" data-element_type=\"widget\" data-e-type=\"widget\" data-widget_type=\"heading.default\">\n\t\t\t\t<div class=\"elementor-widget-container\">\n\t\t\t\t\t<h3 class=\"elementor-heading-title elementor-size-large\">Memorial<\/h3>\t\t\t\t<\/div>\n\t\t\t\t<\/div>\n\t\t\t\t<div class=\"elementor-element elementor-element-9d3ab71 elementor-widget elementor-widget-text-editor\" data-id=\"9d3ab71\" data-element_type=\"widget\" data-e-type=\"widget\" data-widget_type=\"text-editor.default\">\n\t\t\t\t<div class=\"elementor-widget-container\">\n\t\t\t\t\t\t\t\t\t<p>24 hours a day<br \/>accessible<\/p>\n\t\t\t\t\t\t\t\t<\/div>\n\t\t\t\t<\/div>\n\t\t\t\t\t<\/div>\n\t\t<\/div>\n\t\t\t\t<div class=\"elementor-column elementor-col-33 elementor-inner-column elementor-element elementor-element-39e3e55\" data-id=\"39e3e55\" data-element_type=\"column\" data-e-type=\"column\">\n\t\t\t<div class=\"elementor-widget-wrap elementor-element-populated\">\n\t\t\t\t\t\t<div class=\"elementor-element elementor-element-9b6a3ab elementor-widget elementor-widget-heading\" data-id=\"9b6a3ab\" data-element_type=\"widget\" data-e-type=\"widget\" data-widget_type=\"heading.default\">\n\t\t\t\t<div class=\"elementor-widget-container\">\n\t\t\t\t\t<h3 class=\"elementor-heading-title elementor-size-large\">PLACE<\/h3>\t\t\t\t<\/div>\n\t\t\t\t<\/div>\n\t\t\t\t<div class=\"elementor-element elementor-element-a9a08db elementor-widget elementor-widget-text-editor\" data-id=\"a9a08db\" data-element_type=\"widget\" data-e-type=\"widget\" data-widget_type=\"text-editor.default\">\n\t\t\t\t<div class=\"elementor-widget-container\">\n\t\t\t\t\t\t\t\t\t<p>Tiergarten, Ebertstra\u00dfe <br \/>D &#8211; 10117 Berlin<\/p>\n\t\t\t\t\t\t\t\t<\/div>\n\t\t\t\t<\/div>\n\t\t\t\t\t<\/div>\n\t\t<\/div>\n\t\t\t\t<div class=\"elementor-column elementor-col-33 elementor-inner-column elementor-element elementor-element-ec35c08\" data-id=\"ec35c08\" data-element_type=\"column\" data-e-type=\"column\">\n\t\t\t<div class=\"elementor-widget-wrap elementor-element-populated\">\n\t\t\t\t\t\t<div class=\"elementor-element elementor-element-1c3e2fb elementor-widget elementor-widget-heading\" data-id=\"1c3e2fb\" data-element_type=\"widget\" data-e-type=\"widget\" data-widget_type=\"heading.default\">\n\t\t\t\t<div class=\"elementor-widget-container\">\n\t\t\t\t\t<h3 class=\"elementor-heading-title elementor-size-default\">CONTACT<\/h3>\t\t\t\t<\/div>\n\t\t\t\t<\/div>\n\t\t\t\t<div class=\"elementor-element elementor-element-f1c62b2 elementor-widget elementor-widget-text-editor\" data-id=\"f1c62b2\" data-element_type=\"widget\" data-e-type=\"widget\" data-widget_type=\"text-editor.default\">\n\t\t\t\t<div class=\"elementor-widget-container\">\n\t\t\t\t\t\t\t\t\t<p>+ 49 30 26 39 43 \u2013 0<br \/><a href=\"mailto:info@stiftung-denkmal.de\" data-mce-href=\"mailto:info@stiftung-denkmal.de\">info@stiftung-denkmal.de<\/a><br data-mce-bogus=\"1\"><\/p>\n\t\t\t\t\t\t\t\t<\/div>\n\t\t\t\t<\/div>\n\t\t\t\t\t<\/div>\n\t\t<\/div>\n\t\t\t\t\t<\/div>\n\t\t<\/section>\n\t\t\t\t\t<\/div>\n\t\t<\/div>\n\t\t\t\t\t<\/div>\n\t\t<\/section>\n\t\t\t\t<section class=\"elementor-section elementor-top-section elementor-element elementor-element-5866bf4 elementor-section-boxed elementor-section-height-default elementor-section-height-default\" data-id=\"5866bf4\" data-element_type=\"section\" data-e-type=\"section\">\n\t\t\t\t\t\t<div class=\"elementor-container elementor-column-gap-default\">\n\t\t\t\t\t<div class=\"elementor-column elementor-col-100 elementor-top-column elementor-element elementor-element-d9b2eb2\" data-id=\"d9b2eb2\" data-element_type=\"column\" data-e-type=\"column\">\n\t\t\t<div class=\"elementor-widget-wrap elementor-element-populated\">\n\t\t\t\t\t\t<div class=\"elementor-element elementor-element-11ad7e6 elementor-widget-divider--view-line elementor-widget elementor-widget-divider\" data-id=\"11ad7e6\" data-element_type=\"widget\" data-e-type=\"widget\" data-widget_type=\"divider.default\">\n\t\t\t\t<div class=\"elementor-widget-container\">\n\t\t\t\t\t\t\t<div class=\"elementor-divider\">\n\t\t\t<span class=\"elementor-divider-separator\">\n\t\t\t\t\t\t<\/span>\n\t\t<\/div>\n\t\t\t\t\t\t<\/div>\n\t\t\t\t<\/div>\n\t\t\t\t\t<\/div>\n\t\t<\/div>\n\t\t\t\t\t<\/div>\n\t\t<\/section>\n\t\t\t\t<section class=\"elementor-section elementor-top-section elementor-element elementor-element-65ba9cab elementor-section-boxed elementor-section-height-default elementor-section-height-default\" data-id=\"65ba9cab\" data-element_type=\"section\" data-e-type=\"section\">\n\t\t\t\t\t\t<div class=\"elementor-container elementor-column-gap-default\">\n\t\t\t\t\t<div class=\"elementor-column elementor-col-33 elementor-top-column elementor-element elementor-element-155f50c\" data-id=\"155f50c\" data-element_type=\"column\" data-e-type=\"column\">\n\t\t\t<div class=\"elementor-widget-wrap elementor-element-populated\">\n\t\t\t\t\t\t<div class=\"elementor-element elementor-element-ae16387 elementor-view-default elementor-position-block-start elementor-mobile-position-block-start elementor-widget elementor-widget-icon-box\" data-id=\"ae16387\" data-element_type=\"widget\" data-e-type=\"widget\" data-widget_type=\"icon-box.default\">\n\t\t\t\t<div class=\"elementor-widget-container\">\n\t\t\t\t\t\t\t<div class=\"elementor-icon-box-wrapper\">\n\n\t\t\t\t\t\t<div class=\"elementor-icon-box-icon\">\n\t\t\t\t<a href=\"http:\/\/Artist%20duo\" class=\"elementor-icon\" tabindex=\"-1\" aria-label=\"Artist duo\">\n\t\t\t\t<i aria-hidden=\"true\" class=\"fas fa-chevron-circle-right\"><\/i>\t\t\t\t<\/a>\n\t\t\t<\/div>\n\t\t\t\n\t\t\t\t\t\t<div class=\"elementor-icon-box-content\">\n\n\t\t\t\t\t\t\t\t\t<h3 class=\"elementor-icon-box-title\">\n\t\t\t\t\t\t<a href=\"http:\/\/Artist%20duo\" >\n\t\t\t\t\t\t\tArtist duo\t\t\t\t\t\t<\/a>\n\t\t\t\t\t<\/h3>\n\t\t\t\t\n\t\t\t\t\n\t\t\t<\/div>\n\t\t\t\n\t\t<\/div>\n\t\t\t\t\t\t<\/div>\n\t\t\t\t<\/div>\n\t\t\t\t\t<\/div>\n\t\t<\/div>\n\t\t\t\t<div class=\"elementor-column elementor-col-33 elementor-top-column elementor-element elementor-element-f695df3\" data-id=\"f695df3\" data-element_type=\"column\" data-e-type=\"column\">\n\t\t\t<div class=\"elementor-widget-wrap elementor-element-populated\">\n\t\t\t\t\t\t<div class=\"elementor-element elementor-element-637f02c elementor-view-default elementor-position-block-start elementor-mobile-position-block-start elementor-widget elementor-widget-icon-box\" data-id=\"637f02c\" data-element_type=\"widget\" data-e-type=\"widget\" data-widget_type=\"icon-box.default\">\n\t\t\t\t<div class=\"elementor-widget-container\">\n\t\t\t\t\t\t\t<div class=\"elementor-icon-box-wrapper\">\n\n\t\t\t\t\t\t<div class=\"elementor-icon-box-icon\">\n\t\t\t\t<a href=\"#Geschichte\" class=\"elementor-icon\" tabindex=\"-1\" aria-label=\"History of the memorial\">\n\t\t\t\t<i aria-hidden=\"true\" class=\"fas fa-chevron-circle-right\"><\/i>\t\t\t\t<\/a>\n\t\t\t<\/div>\n\t\t\t\n\t\t\t\t\t\t<div class=\"elementor-icon-box-content\">\n\n\t\t\t\t\t\t\t\t\t<h3 class=\"elementor-icon-box-title\">\n\t\t\t\t\t\t<a href=\"#Geschichte\" >\n\t\t\t\t\t\t\tHistory of the memorial\t\t\t\t\t\t<\/a>\n\t\t\t\t\t<\/h3>\n\t\t\t\t\n\t\t\t\t\n\t\t\t<\/div>\n\t\t\t\n\t\t<\/div>\n\t\t\t\t\t\t<\/div>\n\t\t\t\t<\/div>\n\t\t\t\t\t<\/div>\n\t\t<\/div>\n\t\t\t\t<div class=\"elementor-column elementor-col-33 elementor-top-column elementor-element elementor-element-f8a1efc\" data-id=\"f8a1efc\" data-element_type=\"column\" data-e-type=\"column\">\n\t\t\t<div class=\"elementor-widget-wrap elementor-element-populated\">\n\t\t\t\t\t\t<div class=\"elementor-element elementor-element-65520e8 elementor-view-default elementor-position-block-start elementor-mobile-position-block-start elementor-widget elementor-widget-icon-box\" data-id=\"65520e8\" data-element_type=\"widget\" data-e-type=\"widget\" data-widget_type=\"icon-box.default\">\n\t\t\t\t<div class=\"elementor-widget-container\">\n\t\t\t\t\t\t\t<div class=\"elementor-icon-box-wrapper\">\n\n\t\t\t\t\t\t<div class=\"elementor-icon-box-icon\">\n\t\t\t\t<a href=\"http:\/\/Film%20in%20the%20memorial\" class=\"elementor-icon\" tabindex=\"-1\" aria-label=\"Film in the memorial\">\n\t\t\t\t<i aria-hidden=\"true\" class=\"fas fa-chevron-circle-right\"><\/i>\t\t\t\t<\/a>\n\t\t\t<\/div>\n\t\t\t\n\t\t\t\t\t\t<div class=\"elementor-icon-box-content\">\n\n\t\t\t\t\t\t\t\t\t<h3 class=\"elementor-icon-box-title\">\n\t\t\t\t\t\t<a href=\"http:\/\/Film%20in%20the%20memorial\" >\n\t\t\t\t\t\t\tFilm in the memorial\t\t\t\t\t\t<\/a>\n\t\t\t\t\t<\/h3>\n\t\t\t\t\n\t\t\t\t\n\t\t\t<\/div>\n\t\t\t\n\t\t<\/div>\n\t\t\t\t\t\t<\/div>\n\t\t\t\t<\/div>\n\t\t\t\t\t<\/div>\n\t\t<\/div>\n\t\t\t\t\t<\/div>\n\t\t<\/section>\n\t\t\t\t<section class=\"elementor-section elementor-top-section elementor-element elementor-element-d2e708b elementor-section-boxed elementor-section-height-default elementor-section-height-default\" data-id=\"d2e708b\" data-element_type=\"section\" data-e-type=\"section\">\n\t\t\t\t\t\t<div class=\"elementor-container elementor-column-gap-default\">\n\t\t\t\t\t<div class=\"elementor-column elementor-col-33 elementor-top-column elementor-element elementor-element-9ef0b72\" data-id=\"9ef0b72\" data-element_type=\"column\" data-e-type=\"column\">\n\t\t\t<div class=\"elementor-widget-wrap elementor-element-populated\">\n\t\t\t\t\t\t<div class=\"elementor-element elementor-element-2ef84f9 elementor-view-default elementor-position-block-start elementor-mobile-position-block-start elementor-widget elementor-widget-icon-box\" data-id=\"2ef84f9\" data-element_type=\"widget\" data-e-type=\"widget\" data-widget_type=\"icon-box.default\">\n\t\t\t\t<div class=\"elementor-widget-container\">\n\t\t\t\t\t\t\t<div class=\"elementor-icon-box-wrapper\">\n\n\t\t\t\t\t\t<div class=\"elementor-icon-box-icon\">\n\t\t\t\t<a href=\"#Angebote\" class=\"elementor-icon\" tabindex=\"-1\" aria-label=\"Offers for visitors\">\n\t\t\t\t<i aria-hidden=\"true\" class=\"fas fa-chevron-circle-down\"><\/i>\t\t\t\t<\/a>\n\t\t\t<\/div>\n\t\t\t\n\t\t\t\t\t\t<div class=\"elementor-icon-box-content\">\n\n\t\t\t\t\t\t\t\t\t<h3 class=\"elementor-icon-box-title\">\n\t\t\t\t\t\t<a href=\"#Angebote\" >\n\t\t\t\t\t\t\tOffers for visitors\t\t\t\t\t\t<\/a>\n\t\t\t\t\t<\/h3>\n\t\t\t\t\n\t\t\t\t\n\t\t\t<\/div>\n\t\t\t\n\t\t<\/div>\n\t\t\t\t\t\t<\/div>\n\t\t\t\t<\/div>\n\t\t\t\t\t<\/div>\n\t\t<\/div>\n\t\t\t\t<div class=\"elementor-column elementor-col-33 elementor-top-column elementor-element elementor-element-7a7078a\" data-id=\"7a7078a\" data-element_type=\"column\" data-e-type=\"column\">\n\t\t\t<div class=\"elementor-widget-wrap elementor-element-populated\">\n\t\t\t\t\t\t<div class=\"elementor-element elementor-element-4d1c544 elementor-view-default elementor-position-block-start elementor-mobile-position-block-start elementor-widget elementor-widget-icon-box\" data-id=\"4d1c544\" data-element_type=\"widget\" data-e-type=\"widget\" data-widget_type=\"icon-box.default\">\n\t\t\t\t<div class=\"elementor-widget-container\">\n\t\t\t\t\t\t\t<div class=\"elementor-icon-box-wrapper\">\n\n\t\t\t\t\t\t<div class=\"elementor-icon-box-icon\">\n\t\t\t\t<a href=\"http:\/\/Initiatives%20and%20partners\" class=\"elementor-icon\" tabindex=\"-1\" aria-label=\"Initiatives and partners\">\n\t\t\t\t<i aria-hidden=\"true\" class=\"fas fa-chevron-circle-right\"><\/i>\t\t\t\t<\/a>\n\t\t\t<\/div>\n\t\t\t\n\t\t\t\t\t\t<div class=\"elementor-icon-box-content\">\n\n\t\t\t\t\t\t\t\t\t<h3 class=\"elementor-icon-box-title\">\n\t\t\t\t\t\t<a href=\"http:\/\/Initiatives%20and%20partners\" >\n\t\t\t\t\t\t\tInitiatives and partners\t\t\t\t\t\t<\/a>\n\t\t\t\t\t<\/h3>\n\t\t\t\t\n\t\t\t\t\n\t\t\t<\/div>\n\t\t\t\n\t\t<\/div>\n\t\t\t\t\t\t<\/div>\n\t\t\t\t<\/div>\n\t\t\t\t\t<\/div>\n\t\t<\/div>\n\t\t\t\t<div class=\"elementor-column elementor-col-33 elementor-top-column elementor-element elementor-element-266c03b\" data-id=\"266c03b\" data-element_type=\"column\" data-e-type=\"column\">\n\t\t\t<div class=\"elementor-widget-wrap elementor-element-populated\">\n\t\t\t\t\t\t<div class=\"elementor-element elementor-element-4134d94 elementor-view-default elementor-position-block-start elementor-mobile-position-block-start elementor-widget elementor-widget-icon-box\" data-id=\"4134d94\" data-element_type=\"widget\" data-e-type=\"widget\" data-widget_type=\"icon-box.default\">\n\t\t\t\t<div class=\"elementor-widget-container\">\n\t\t\t\t\t\t\t<div class=\"elementor-icon-box-wrapper\">\n\n\t\t\t\t\t\t<div class=\"elementor-icon-box-icon\">\n\t\t\t\t<a href=\"#Faltblatt\" class=\"elementor-icon\" tabindex=\"-1\" aria-label=\"Publications on the memorial\">\n\t\t\t\t<i aria-hidden=\"true\" class=\"fas fa-book\"><\/i>\t\t\t\t<\/a>\n\t\t\t<\/div>\n\t\t\t\n\t\t\t\t\t\t<div class=\"elementor-icon-box-content\">\n\n\t\t\t\t\t\t\t\t\t<h3 class=\"elementor-icon-box-title\">\n\t\t\t\t\t\t<a href=\"#Faltblatt\" >\n\t\t\t\t\t\t\tPublications on the memorial\t\t\t\t\t\t<\/a>\n\t\t\t\t\t<\/h3>\n\t\t\t\t\n\t\t\t\t\n\t\t\t<\/div>\n\t\t\t\n\t\t<\/div>\n\t\t\t\t\t\t<\/div>\n\t\t\t\t<\/div>\n\t\t\t\t\t<\/div>\n\t\t<\/div>\n\t\t\t\t\t<\/div>\n\t\t<\/section>\n\t\t\t\t<section class=\"elementor-section elementor-top-section elementor-element elementor-element-f0d0212 elementor-section-boxed elementor-section-height-default elementor-section-height-default\" data-id=\"f0d0212\" data-element_type=\"section\" data-e-type=\"section\">\n\t\t\t\t\t\t<div class=\"elementor-container elementor-column-gap-default\">\n\t\t\t\t\t<div class=\"elementor-column elementor-col-100 elementor-top-column elementor-element elementor-element-39003e2\" data-id=\"39003e2\" data-element_type=\"column\" data-e-type=\"column\">\n\t\t\t<div class=\"elementor-widget-wrap elementor-element-populated\">\n\t\t\t\t\t\t<div class=\"elementor-element elementor-element-a0fc6e5 elementor-widget-divider--view-line elementor-widget elementor-widget-divider\" data-id=\"a0fc6e5\" data-element_type=\"widget\" data-e-type=\"widget\" data-widget_type=\"divider.default\">\n\t\t\t\t<div class=\"elementor-widget-container\">\n\t\t\t\t\t\t\t<div class=\"elementor-divider\">\n\t\t\t<span class=\"elementor-divider-separator\">\n\t\t\t\t\t\t<\/span>\n\t\t<\/div>\n\t\t\t\t\t\t<\/div>\n\t\t\t\t<\/div>\n\t\t\t\t\t<\/div>\n\t\t<\/div>\n\t\t\t\t\t<\/div>\n\t\t<\/section>\n\t\t\t\t<section class=\"elementor-section elementor-top-section elementor-element elementor-element-77ebf63 elementor-section-boxed elementor-section-height-default elementor-section-height-default\" data-id=\"77ebf63\" data-element_type=\"section\" data-e-type=\"section\">\n\t\t\t\t\t\t<div class=\"elementor-container elementor-column-gap-default\">\n\t\t\t\t\t<div class=\"elementor-column elementor-col-100 elementor-top-column elementor-element elementor-element-1cd692a\" data-id=\"1cd692a\" data-element_type=\"column\" data-e-type=\"column\">\n\t\t\t<div class=\"elementor-widget-wrap elementor-element-populated\">\n\t\t\t\t\t\t<div class=\"elementor-element elementor-element-ae62d72 elementor-widget elementor-widget-menu-anchor\" data-id=\"ae62d72\" data-element_type=\"widget\" data-e-type=\"widget\" data-widget_type=\"menu-anchor.default\">\n\t\t\t\t<div class=\"elementor-widget-container\">\n\t\t\t\t\t\t\t<div class=\"elementor-menu-anchor\" id=\"Artistduo\"><\/div>\n\t\t\t\t\t\t<\/div>\n\t\t\t\t<\/div>\n\t\t\t\t\t<\/div>\n\t\t<\/div>\n\t\t\t\t\t<\/div>\n\t\t<\/section>\n\t\t\t\t<section class=\"elementor-section elementor-top-section elementor-element elementor-element-35fc7c7 elementor-section-boxed elementor-section-height-default elementor-section-height-default\" data-id=\"35fc7c7\" data-element_type=\"section\" data-e-type=\"section\">\n\t\t\t\t\t\t<div class=\"elementor-container elementor-column-gap-default\">\n\t\t\t\t\t<div class=\"elementor-column elementor-col-100 elementor-top-column elementor-element elementor-element-9ecb1bf\" data-id=\"9ecb1bf\" data-element_type=\"column\" data-e-type=\"column\">\n\t\t\t<div class=\"elementor-widget-wrap elementor-element-populated\">\n\t\t\t\t\t\t<div class=\"elementor-element elementor-element-c82209d elementor-widget elementor-widget-heading\" data-id=\"c82209d\" data-element_type=\"widget\" data-e-type=\"widget\" data-widget_type=\"heading.default\">\n\t\t\t\t<div class=\"elementor-widget-container\">\n\t\t\t\t\t<h2 class=\"elementor-heading-title elementor-size-default\">Artist duo Michael Elmgreen and Ingar Dragset<\/h2>\t\t\t\t<\/div>\n\t\t\t\t<\/div>\n\t\t\t\t\t<\/div>\n\t\t<\/div>\n\t\t\t\t\t<\/div>\n\t\t<\/section>\n\t\t\t\t<section class=\"elementor-section elementor-top-section elementor-element elementor-element-6c0e4e8 elementor-section-boxed elementor-section-height-default elementor-section-height-default\" data-id=\"6c0e4e8\" data-element_type=\"section\" data-e-type=\"section\">\n\t\t\t\t\t\t<div class=\"elementor-container elementor-column-gap-default\">\n\t\t\t\t\t<div class=\"elementor-column elementor-col-100 elementor-top-column elementor-element elementor-element-2ccc943\" data-id=\"2ccc943\" data-element_type=\"column\" data-e-type=\"column\">\n\t\t\t<div class=\"elementor-widget-wrap elementor-element-populated\">\n\t\t\t\t\t\t<div class=\"elementor-element elementor-element-dde5f8f elementor-arrows-position-inside elementor-pagination-position-outside elementor-widget elementor-widget-image-carousel\" data-id=\"dde5f8f\" data-element_type=\"widget\" data-e-type=\"widget\" data-settings=\"{&quot;slides_to_show&quot;:&quot;1&quot;,&quot;navigation&quot;:&quot;both&quot;,&quot;autoplay&quot;:&quot;yes&quot;,&quot;pause_on_hover&quot;:&quot;yes&quot;,&quot;pause_on_interaction&quot;:&quot;yes&quot;,&quot;autoplay_speed&quot;:5000,&quot;infinite&quot;:&quot;yes&quot;,&quot;effect&quot;:&quot;slide&quot;,&quot;speed&quot;:500}\" data-widget_type=\"image-carousel.default\">\n\t\t\t\t<div class=\"elementor-widget-container\">\n\t\t\t\t\t\t\t<div class=\"elementor-image-carousel-wrapper swiper\" role=\"region\" aria-roledescription=\"carousel\" aria-label=\"Bild Karussell\" dir=\"ltr\">\n\t\t\t<div class=\"elementor-image-carousel swiper-wrapper\" aria-live=\"off\">\n\t\t\t\t\t\t\t\t<div class=\"swiper-slide\" role=\"group\" aria-roledescription=\"slide\" aria-label=\"1 of 4\"><figure class=\"swiper-slide-inner\"><img decoding=\"async\" class=\"swiper-slide-image\" src=\"https:\/\/www.stiftung-denkmal.de\/wp-content\/uploads\/MG_9078-768x512.jpg\" alt=\"Michael Elmgreen and Ingar Dragset \u00a9 Foundation Memorial, Photo: Marko Priske\" \/><figcaption class=\"elementor-image-carousel-caption\">Michael Elmgreen and Ingar Dragset \u00a9 Foundation Memorial, Photo: Marko Priske<\/figcaption><\/figure><\/div><div class=\"swiper-slide\" role=\"group\" aria-roledescription=\"slide\" aria-label=\"2 of 4\"><figure class=\"swiper-slide-inner\"><img decoding=\"async\" class=\"swiper-slide-image\" src=\"https:\/\/www.stiftung-denkmal.de\/wp-content\/uploads\/MG_4750-768x512.jpg\" alt=\"View of the Memorial to the Persecuted Homosexuals under National Socialism \u00a9 Foundation Memorial, Photo: Marko Priske\" \/><figcaption class=\"elementor-image-carousel-caption\">View of the Memorial to the Persecuted Homosexuals under National Socialism \u00a9 Foundation Memorial, Photo: Marko Priske<\/figcaption><\/figure><\/div><div class=\"swiper-slide\" role=\"group\" aria-roledescription=\"slide\" aria-label=\"3 of 4\"><figure class=\"swiper-slide-inner\"><img decoding=\"async\" class=\"swiper-slide-image\" src=\"https:\/\/www.stiftung-denkmal.de\/wp-content\/uploads\/MG_4674-768x512.jpg\" alt=\"First film in the memorial (by Elmgreen &amp; Dragset) \u00a9 Foundation Monument, Photo: Marko Priske\" \/><figcaption class=\"elementor-image-carousel-caption\">First film in the memorial (by Elmgreen &amp; Dragset) \u00a9 Foundation Monument, Photo: Marko Priske<\/figcaption><\/figure><\/div><div class=\"swiper-slide\" role=\"group\" aria-roledescription=\"slide\" aria-label=\"4 of 4\"><figure class=\"swiper-slide-inner\"><img decoding=\"async\" class=\"swiper-slide-image\" src=\"https:\/\/www.stiftung-denkmal.de\/wp-content\/uploads\/IMG_4603-768x576.jpg\" alt=\"Film im Homosexuellen-Denkmal, Foto: Marko Priske\" \/><figcaption class=\"elementor-image-carousel-caption\">Film in the memorial \u00a9 Foundation Memorial, Photo: Marko Priske<\/figcaption><\/figure><\/div>\t\t\t<\/div>\n\t\t\t\t\t\t\t\t\t\t\t\t<div class=\"elementor-swiper-button elementor-swiper-button-prev\" role=\"button\" tabindex=\"0\">\n\t\t\t\t\t\t<i aria-hidden=\"true\" class=\"eicon-chevron-left\"><\/i>\t\t\t\t\t<\/div>\n\t\t\t\t\t<div class=\"elementor-swiper-button elementor-swiper-button-next\" role=\"button\" tabindex=\"0\">\n\t\t\t\t\t\t<i aria-hidden=\"true\" class=\"eicon-chevron-right\"><\/i>\t\t\t\t\t<\/div>\n\t\t\t\t\n\t\t\t\t\t\t\t\t\t<div class=\"swiper-pagination\"><\/div>\n\t\t\t\t\t\t\t\t\t<\/div>\n\t\t\t\t\t\t<\/div>\n\t\t\t\t<\/div>\n\t\t\t\t\t<\/div>\n\t\t<\/div>\n\t\t\t\t\t<\/div>\n\t\t<\/section>\n\t\t\t\t<section class=\"elementor-section elementor-top-section elementor-element elementor-element-624a8a7 elementor-section-boxed elementor-section-height-default elementor-section-height-default\" data-id=\"624a8a7\" data-element_type=\"section\" data-e-type=\"section\">\n\t\t\t\t\t\t<div class=\"elementor-container elementor-column-gap-default\">\n\t\t\t\t\t<div class=\"elementor-column elementor-col-100 elementor-top-column elementor-element elementor-element-6f8a888\" data-id=\"6f8a888\" data-element_type=\"column\" data-e-type=\"column\">\n\t\t\t<div class=\"elementor-widget-wrap elementor-element-populated\">\n\t\t\t\t\t\t<div class=\"elementor-element elementor-element-d46e540 elementor-widget elementor-widget-text-editor\" data-id=\"d46e540\" data-element_type=\"widget\" data-e-type=\"widget\" data-widget_type=\"text-editor.default\">\n\t\t\t\t<div class=\"elementor-widget-container\">\n\t\t\t\t\t\t\t\t\t<p class=\"bodytext\">The Memorial to the Persecuted Homosexuals under National Socialism was developed by Michael Elmgreen (Denmark) and Ingar Dragset (Norway). The artist duo lives in Berlin and has been working together since 1995.<\/p>\n<p class=\"bodytext\">In the interpretation by Elmgreen &amp; Dragset, a memorial should not be static and should be understood as a definitive statement, but should have a lively character and be subject to dynamic changes. As is often the case in their works, the two artists closely inspired their aesthetic ideas to the immediate surroundings of the monument. In this case, their sculptural implementation takes over the formal design of the Holocaust memorial across the street. But the three-dimensional shape of the Eisenman steles is complemented by an extra element at Elmgreen &amp; Dragset: The viewer can watch a film through a small, square window in which two men hug and kiss endlessly. By making a clear reference to the Holocaust memorial, the monument seems to express that while we as human beings are all the same, we still differ from each other. This is the challenge of our tolerance and acceptance.<\/p>\n\t\t\t\t\t\t\t\t<\/div>\n\t\t\t\t<\/div>\n\t\t\t\t\t<\/div>\n\t\t<\/div>\n\t\t\t\t\t<\/div>\n\t\t<\/section>\n\t\t\t\t<section class=\"elementor-section elementor-top-section elementor-element elementor-element-bcf1be0 elementor-section-boxed elementor-section-height-default elementor-section-height-default\" data-id=\"bcf1be0\" data-element_type=\"section\" data-e-type=\"section\">\n\t\t\t\t\t\t<div class=\"elementor-container elementor-column-gap-default\">\n\t\t\t\t\t<div class=\"elementor-column elementor-col-100 elementor-top-column elementor-element elementor-element-140ed82\" data-id=\"140ed82\" data-element_type=\"column\" data-e-type=\"column\">\n\t\t\t<div class=\"elementor-widget-wrap elementor-element-populated\">\n\t\t\t\t\t\t<div class=\"elementor-element elementor-element-6a3615e elementor-widget elementor-widget-menu-anchor\" data-id=\"6a3615e\" data-element_type=\"widget\" data-e-type=\"widget\" data-widget_type=\"menu-anchor.default\">\n\t\t\t\t<div class=\"elementor-widget-container\">\n\t\t\t\t\t\t\t<div class=\"elementor-menu-anchor\" id=\"History\"><\/div>\n\t\t\t\t\t\t<\/div>\n\t\t\t\t<\/div>\n\t\t\t\t\t<\/div>\n\t\t<\/div>\n\t\t\t\t\t<\/div>\n\t\t<\/section>\n\t\t\t\t<section class=\"elementor-section elementor-top-section elementor-element elementor-element-6349208 elementor-section-boxed elementor-section-height-default elementor-section-height-default\" data-id=\"6349208\" data-element_type=\"section\" data-e-type=\"section\">\n\t\t\t\t\t\t<div class=\"elementor-container elementor-column-gap-default\">\n\t\t\t\t\t<div class=\"elementor-column elementor-col-100 elementor-top-column elementor-element elementor-element-8aa9442\" data-id=\"8aa9442\" data-element_type=\"column\" data-e-type=\"column\">\n\t\t\t<div class=\"elementor-widget-wrap elementor-element-populated\">\n\t\t\t\t\t\t<div class=\"elementor-element elementor-element-c4038a4 elementor-widget elementor-widget-heading\" data-id=\"c4038a4\" data-element_type=\"widget\" data-e-type=\"widget\" data-widget_type=\"heading.default\">\n\t\t\t\t<div class=\"elementor-widget-container\">\n\t\t\t\t\t<h2 class=\"elementor-heading-title elementor-size-default\">History of the Memorial to the Persecuted Homosexuals under National Socialism<\/h2>\t\t\t\t<\/div>\n\t\t\t\t<\/div>\n\t\t\t\t\t<\/div>\n\t\t<\/div>\n\t\t\t\t\t<\/div>\n\t\t<\/section>\n\t\t\t\t<section class=\"elementor-section elementor-top-section elementor-element elementor-element-000ac4f elementor-section-boxed elementor-section-height-default elementor-section-height-default\" data-id=\"000ac4f\" data-element_type=\"section\" data-e-type=\"section\">\n\t\t\t\t\t\t<div class=\"elementor-container elementor-column-gap-default\">\n\t\t\t\t\t<div class=\"elementor-column elementor-col-100 elementor-top-column elementor-element elementor-element-20b1605\" data-id=\"20b1605\" data-element_type=\"column\" data-e-type=\"column\">\n\t\t\t<div class=\"elementor-widget-wrap elementor-element-populated\">\n\t\t\t\t\t\t<div class=\"elementor-element elementor-element-aed04d0 elementor-tabs-view-horizontal elementor-widget elementor-widget-tabs\" data-id=\"aed04d0\" data-element_type=\"widget\" data-e-type=\"widget\" data-widget_type=\"tabs.default\">\n\t\t\t\t<div class=\"elementor-widget-container\">\n\t\t\t\t\t\t\t<div class=\"elementor-tabs\">\n\t\t\t<div class=\"elementor-tabs-wrapper\" role=\"tablist\" >\n\t\t\t\t\t\t\t\t\t<div id=\"elementor-tab-title-1831\" class=\"elementor-tab-title elementor-tab-desktop-title\" aria-selected=\"true\" data-tab=\"1\" role=\"tab\" tabindex=\"0\" aria-controls=\"elementor-tab-content-1831\" aria-expanded=\"false\">Oppression, persecution, assassination<\/div>\n\t\t\t\t\t\t\t\t\t<div id=\"elementor-tab-title-1832\" class=\"elementor-tab-title elementor-tab-desktop-title\" aria-selected=\"false\" data-tab=\"2\" role=\"tab\" tabindex=\"-1\" aria-controls=\"elementor-tab-content-1832\" aria-expanded=\"false\">Remembering and commemorating<\/div>\n\t\t\t\t\t\t\t<\/div>\n\t\t\t<div class=\"elementor-tabs-content-wrapper\" role=\"tablist\" aria-orientation=\"vertical\">\n\t\t\t\t\t\t\t\t\t<div class=\"elementor-tab-title elementor-tab-mobile-title\" aria-selected=\"true\" data-tab=\"1\" role=\"tab\" tabindex=\"0\" aria-controls=\"elementor-tab-content-1831\" aria-expanded=\"false\">Oppression, persecution, assassination<\/div>\n\t\t\t\t\t<div id=\"elementor-tab-content-1831\" class=\"elementor-tab-content elementor-clearfix\" data-tab=\"1\" role=\"tabpanel\" aria-labelledby=\"elementor-tab-title-1831\" tabindex=\"0\" hidden=\"false\"><p class=\"bodytext\">In Nazi Germany, a homosexual persecution took place unparalleled in history. In 1935, the National Socialists ordered the comprehensive criminalization of male homosexuality. To this end, the provisions against homosexual conduct provided for in \u00a7 175 of the Criminal Code have been significantly tightened and extended. Already a kiss among men could now lead to persecution. \u00a7 175 meant prison or penitentiary. There were over 50,000 convictions. In part, the Nazi authorities were able to force the castration of convicts. Several thousand gays were trafficked to concentration camps because of their homosexuality. In concentration camps &#8211; such as Dachau near Munich &#8211; they had to wear a pink angle on the prisoner&#8217;s clothing to identify them. A large part of them did not survive the camps. They died due to hunger, illness and abuse or were victims of targeted killings.<\/p>\n<p class=\"bodytext\">The National Socialists have crushed the lives of gays and lesbians. Female homosexuality was not prosecuted \u2013 except in annexed Austria. It was considered less threatening to the National Socialists. Nevertheless, if lesbian women were at odds with the regime, they too were subjected to repression. Gays and lesbians lived intimidated in the Nazi era and under constant compulsion for camouflage. For a long time, the homosexual victims of National Socialism remained excluded from the culture of remembrance of both German post-war states. Here as there, gays were still prosecuted for decades to come. In the Federal Republic of Germany, \u00a7 175 remained unchanged until 1969. In many parts of the world, homosexual love is still punishable.<\/p>\n<\/div>\n\t\t\t\t\t\t\t\t\t<div class=\"elementor-tab-title elementor-tab-mobile-title\" aria-selected=\"false\" data-tab=\"2\" role=\"tab\" tabindex=\"-1\" aria-controls=\"elementor-tab-content-1832\" aria-expanded=\"false\">Remembering and commemorating<\/div>\n\t\t\t\t\t<div id=\"elementor-tab-content-1832\" class=\"elementor-tab-content elementor-clearfix\" data-tab=\"2\" role=\"tabpanel\" aria-labelledby=\"elementor-tab-title-1832\" tabindex=\"0\" hidden=\"hidden\"><p class=\"bodytext\">From its history, Germany has a special responsibility to resolutely oppose human rights violations against gays and lesbians. In many parts of the world, people are still persecuted for their sexual identity today, gay love is punishable and a kiss can mean danger.<\/p>\n<p class=\"bodytext\">On 12 December 2003, the German Bundestag decided to build the Memorial to the Persecuted Homosexuals under National Socialism.<\/p>\n<p class=\"bodytext\">&#8220;The Federal Republic of Germany is erecting a Memorial to the Persecuted Homosexuals under National Socialism in Berlin. With this place of remembrance, we want to honor the persecuted and murdered victims, keep the memory of injustice alive and send a constant signal against intolerance, hostility and exclusion towards gays and lesbians.&#8221;<\/p>\n<p class=\"bodytext\">The initiators were the initiative &#8220;Der homosexuellen NS-Opfer gedenken&#8221; (Commemorating the homosexual Nazi victims) as well as the Lesbian and Gay Association in Germany (LSVD). The memorial site is cared for on behalf of the Federal Government by the Foundation Monument to the Murdered Jews of Europe.<\/p>\n<p class=\"bodytext\"><strong>Chronology<\/strong><\/p>\n<p class=\"bodytext\"><strong>1992\/1993 <\/strong><br \/>In connection with the discussion about the Memorial to the Murdered Jews of Europe, there are first demands and actions in favor of a national Memorial for the Persecuted Homosexuals under National Socialism.<\/p>\n<p class=\"bodytext\"><strong>1995<br \/><\/strong> Publication of the memorandum &#8220;Der homosexuellen NS-Opfer gedenken&#8221; (Commemorating the homosexual Nazi victims).<\/p>\n<p class=\"bodytext\"><strong>June 25th, 1999 <\/strong><br \/>Decision of the Bundestag to establish the Memorial to the Murdered Jews of Europe \u2013 combined with the obligation to &#8220;commemorate the other victims of National Socialism in a dignified manner&#8221;.<\/p>\n<p class=\"bodytext\"><strong>May 3rd, 2001 <\/strong><br \/>Joint call of the initiative &#8220;Der homosexuellen NS-Opfer gedenken&#8221; (Commemorating the homosexual Nazi victims) and the Lesbian and Gay Association in Germany (LSVD) for &#8220;a Memorial to the Persecuted Homosexuals under National Socialism&#8221;, which includes the support of Paul Spiegel, Romani Rose, G\u00fcnter Grass, Christa Wolf, Lea Rosh and others.<\/p>\n<p class=\"bodytext\"><strong>May 17th, 2002 <\/strong><br \/>The Bundestag decides on the legal rehabilitation of the victims of \u00a7 175 in National Socialism.<\/p>\n<p class=\"bodytext\"><strong>December 12th, 2003<\/strong> <br \/>Decision of the German Bundestag for the construction of the memorial.<\/p>\n<p class=\"bodytext\"><strong>2005\/2006 <\/strong><br \/>Conducting the artistic competition to design the memorial point.<\/p>\n<p class=\"bodytext\"><strong>June 4th, 2007 <\/strong><br \/>Agreement between the Federal Government, the initiators and the artists Elmgreen &amp; Dragset to further develop their award-winning design.<\/p>\n<p class=\"bodytext\"><strong>May 27th, 2008 <\/strong><br \/>Handover to the public.<\/p>\n<p class=\"bodytext\"><strong>January 26th, 2012 <\/strong><br \/>New film in the memorial (artists: Gerald Backhaus, Bernd Fischer and Ibrahim G\u00fclnar).<\/p>\n<p class=\"bodytext\"><strong>October 7th, 2014 <\/strong><br \/>The original film by the artists Elmgreen &amp; Dragset will be shown in the memorial until a new film competition is announced.<\/p>\n<p class=\"bodytext\"><strong>June 3rd, 2018<\/strong><br \/>On the occasion of the tenth anniversary of the Memorial to the Persecuted Homosexuals under National Socialism, Frank-Walter Steinmeier was the first Federal President to speak at this memorial site. At the same time, a new film by the Israeli multimedia artist Yael Bartana can be seen in the memorial.<\/p>\n<\/div>\n\t\t\t\t\t\t\t<\/div>\n\t\t<\/div>\n\t\t\t\t\t\t<\/div>\n\t\t\t\t<\/div>\n\t\t\t\t\t<\/div>\n\t\t<\/div>\n\t\t\t\t\t<\/div>\n\t\t<\/section>\n\t\t\t\t<section class=\"elementor-section elementor-top-section elementor-element elementor-element-22bb63d elementor-section-stretched elementor-section-height-min-height elementor-hidden-phone elementor-section-boxed elementor-section-height-default elementor-section-items-middle\" data-id=\"22bb63d\" data-element_type=\"section\" data-e-type=\"section\" data-settings=\"{&quot;stretch_section&quot;:&quot;section-stretched&quot;,&quot;background_background&quot;:&quot;classic&quot;}\">\n\t\t\t\t\t\t\t<div class=\"elementor-background-overlay\"><\/div>\n\t\t\t\t\t\t\t<div class=\"elementor-container elementor-column-gap-default\">\n\t\t\t\t\t<div class=\"elementor-column elementor-col-100 elementor-top-column elementor-element elementor-element-2a3961b\" data-id=\"2a3961b\" data-element_type=\"column\" data-e-type=\"column\">\n\t\t\t<div class=\"elementor-widget-wrap\">\n\t\t\t\t\t\t\t<\/div>\n\t\t<\/div>\n\t\t\t\t\t<\/div>\n\t\t<\/section>\n\t\t\t\t<section class=\"elementor-section elementor-top-section elementor-element elementor-element-65e48ab elementor-section-boxed elementor-section-height-default elementor-section-height-default\" data-id=\"65e48ab\" data-element_type=\"section\" data-e-type=\"section\">\n\t\t\t\t\t\t<div class=\"elementor-container elementor-column-gap-default\">\n\t\t\t\t\t<div class=\"elementor-column elementor-col-100 elementor-top-column elementor-element elementor-element-62d2ff1\" data-id=\"62d2ff1\" data-element_type=\"column\" data-e-type=\"column\">\n\t\t\t<div class=\"elementor-widget-wrap elementor-element-populated\">\n\t\t\t\t\t\t<div class=\"elementor-element elementor-element-c41319a elementor-widget elementor-widget-menu-anchor\" data-id=\"c41319a\" data-element_type=\"widget\" data-e-type=\"widget\" data-widget_type=\"menu-anchor.default\">\n\t\t\t\t<div class=\"elementor-widget-container\">\n\t\t\t\t\t\t\t<div class=\"elementor-menu-anchor\" id=\"Filminthememorial\"><\/div>\n\t\t\t\t\t\t<\/div>\n\t\t\t\t<\/div>\n\t\t\t\t\t<\/div>\n\t\t<\/div>\n\t\t\t\t\t<\/div>\n\t\t<\/section>\n\t\t\t\t<section class=\"elementor-section elementor-top-section elementor-element elementor-element-040be14 elementor-section-boxed elementor-section-height-default elementor-section-height-default\" data-id=\"040be14\" data-element_type=\"section\" data-e-type=\"section\">\n\t\t\t\t\t\t<div class=\"elementor-container elementor-column-gap-default\">\n\t\t\t\t\t<div class=\"elementor-column elementor-col-100 elementor-top-column elementor-element elementor-element-182e99e\" data-id=\"182e99e\" data-element_type=\"column\" data-e-type=\"column\">\n\t\t\t<div class=\"elementor-widget-wrap elementor-element-populated\">\n\t\t\t\t\t\t<div class=\"elementor-element elementor-element-e368e35 elementor-widget elementor-widget-heading\" data-id=\"e368e35\" data-element_type=\"widget\" data-e-type=\"widget\" data-widget_type=\"heading.default\">\n\t\t\t\t<div class=\"elementor-widget-container\">\n\t\t\t\t\t<h2 class=\"elementor-heading-title elementor-size-default\">Film in the memorial<\/h2>\t\t\t\t<\/div>\n\t\t\t\t<\/div>\n\t\t\t\t\t<\/div>\n\t\t<\/div>\n\t\t\t\t\t<\/div>\n\t\t<\/section>\n\t\t\t\t<section class=\"elementor-section elementor-top-section elementor-element elementor-element-058b442 elementor-section-boxed elementor-section-height-default elementor-section-height-default\" data-id=\"058b442\" data-element_type=\"section\" data-e-type=\"section\">\n\t\t\t\t\t\t<div class=\"elementor-container elementor-column-gap-default\">\n\t\t\t\t\t<div class=\"elementor-column elementor-col-100 elementor-top-column elementor-element elementor-element-51dc3d3\" data-id=\"51dc3d3\" data-element_type=\"column\" data-e-type=\"column\">\n\t\t\t<div class=\"elementor-widget-wrap elementor-element-populated\">\n\t\t\t\t\t\t<div class=\"elementor-element elementor-element-553c7ba elementor-widget elementor-widget-text-editor\" data-id=\"553c7ba\" data-element_type=\"widget\" data-e-type=\"widget\" data-widget_type=\"text-editor.default\">\n\t\t\t\t<div class=\"elementor-widget-container\">\n\t\t\t\t\t\t\t\t\t<p>Integral to the design by the artists Elmgreen &amp; Dragset is a cinematic presentation to be viewed through an opening in the memorial. Already on 4 June 2007, before the ceremonial opening, the then Federal Government Commissioner for Culture and the Media, Minister of State Bernd Neumann, announced a further development of the memorial concept after approval by the LSVD and the artists: Accordingly, the film is to be changed every two years, with a jury of experts making the decision on the newly shown film. Since the opening, three films by different artists have been featured in the memorial so far.<\/p>\n\t\t\t\t\t\t\t\t<\/div>\n\t\t\t\t<\/div>\n\t\t\t\t\t<\/div>\n\t\t<\/div>\n\t\t\t\t\t<\/div>\n\t\t<\/section>\n\t\t\t\t<section class=\"elementor-section elementor-top-section elementor-element elementor-element-2cb9d29 elementor-section-boxed elementor-section-height-default elementor-section-height-default\" data-id=\"2cb9d29\" data-element_type=\"section\" data-e-type=\"section\">\n\t\t\t\t\t\t<div class=\"elementor-container elementor-column-gap-default\">\n\t\t\t\t\t<div class=\"elementor-column elementor-col-33 elementor-top-column elementor-element elementor-element-240dfc4\" data-id=\"240dfc4\" data-element_type=\"column\" data-e-type=\"column\">\n\t\t\t<div class=\"elementor-widget-wrap elementor-element-populated\">\n\t\t\t\t\t\t<div class=\"elementor-element elementor-element-2219b70 elementor-widget elementor-widget-video\" data-id=\"2219b70\" data-element_type=\"widget\" data-e-type=\"widget\" data-settings=\"{&quot;youtube_url&quot;:&quot;https:\\\/\\\/youtu.be\\\/3m8cV37k_BM&quot;,&quot;video_type&quot;:&quot;youtube&quot;,&quot;controls&quot;:&quot;yes&quot;}\" data-widget_type=\"video.default\">\n\t\t\t\t<div class=\"elementor-widget-container\">\n\t\t\t\t\t\t\t<div class=\"elementor-wrapper elementor-open-inline\">\n\t\t\t<div class=\"elementor-video\"><\/div>\t\t<\/div>\n\t\t\t\t\t\t<\/div>\n\t\t\t\t<\/div>\n\t\t\t\t<div class=\"elementor-element elementor-element-3d37cfc elementor-widget elementor-widget-text-editor\" data-id=\"3d37cfc\" data-element_type=\"widget\" data-e-type=\"widget\" data-widget_type=\"text-editor.default\">\n\t\t\t\t<div class=\"elementor-widget-container\">\n\t\t\t\t\t\t\t\t\t<h5>Current film in the monument (by Yael Bartana) \u00a9 gay museum<\/h5>\n\t\t\t\t\t\t\t\t<\/div>\n\t\t\t\t<\/div>\n\t\t\t\t\t<\/div>\n\t\t<\/div>\n\t\t\t\t<div class=\"elementor-column elementor-col-33 elementor-top-column elementor-element elementor-element-cc2ba04\" data-id=\"cc2ba04\" data-element_type=\"column\" data-e-type=\"column\">\n\t\t\t<div class=\"elementor-widget-wrap elementor-element-populated\">\n\t\t\t\t\t\t<div class=\"elementor-element elementor-element-520b354 elementor-widget elementor-widget-video\" data-id=\"520b354\" data-element_type=\"widget\" data-e-type=\"widget\" data-settings=\"{&quot;youtube_url&quot;:&quot;https:\\\/\\\/youtu.be\\\/hpalpKEbVSw&quot;,&quot;video_type&quot;:&quot;youtube&quot;,&quot;controls&quot;:&quot;yes&quot;}\" data-widget_type=\"video.default\">\n\t\t\t\t<div class=\"elementor-widget-container\">\n\t\t\t\t\t\t\t<div class=\"elementor-wrapper elementor-open-inline\">\n\t\t\t<div class=\"elementor-video\"><\/div>\t\t<\/div>\n\t\t\t\t\t\t<\/div>\n\t\t\t\t<\/div>\n\t\t\t\t<div class=\"elementor-element elementor-element-118fb77 elementor-widget elementor-widget-text-editor\" data-id=\"118fb77\" data-element_type=\"widget\" data-e-type=\"widget\" data-widget_type=\"text-editor.default\">\n\t\t\t\t<div class=\"elementor-widget-container\">\n\t\t\t\t\t\t\t\t\t<h5>Second film in the monument &#8220;Kiss ohne End&#8221; by the artists Gerald Backhaus, Bernd Fischer and Ibrahim G\u00fclnar<\/h5>\n\t\t\t\t\t\t\t\t<\/div>\n\t\t\t\t<\/div>\n\t\t\t\t\t<\/div>\n\t\t<\/div>\n\t\t\t\t<div class=\"elementor-column elementor-col-33 elementor-top-column elementor-element elementor-element-dd464ed\" data-id=\"dd464ed\" data-element_type=\"column\" data-e-type=\"column\">\n\t\t\t<div class=\"elementor-widget-wrap elementor-element-populated\">\n\t\t\t\t\t\t<div class=\"elementor-element elementor-element-b66c097 elementor-widget elementor-widget-video\" data-id=\"b66c097\" data-element_type=\"widget\" data-e-type=\"widget\" data-settings=\"{&quot;youtube_url&quot;:&quot;https:\\\/\\\/youtu.be\\\/MtL5FSKv4Y0&quot;,&quot;video_type&quot;:&quot;youtube&quot;,&quot;controls&quot;:&quot;yes&quot;}\" data-widget_type=\"video.default\">\n\t\t\t\t<div class=\"elementor-widget-container\">\n\t\t\t\t\t\t\t<div class=\"elementor-wrapper elementor-open-inline\">\n\t\t\t<div class=\"elementor-video\"><\/div>\t\t<\/div>\n\t\t\t\t\t\t<\/div>\n\t\t\t\t<\/div>\n\t\t\t\t<div class=\"elementor-element elementor-element-1658b71 elementor-widget elementor-widget-text-editor\" data-id=\"1658b71\" data-element_type=\"widget\" data-e-type=\"widget\" data-widget_type=\"text-editor.default\">\n\t\t\t\t<div class=\"elementor-widget-container\">\n\t\t\t\t\t\t\t\t\t<h5>First film in the memorial (by Elmgreen &amp; Dragset)<\/h5>\n\t\t\t\t\t\t\t\t<\/div>\n\t\t\t\t<\/div>\n\t\t\t\t\t<\/div>\n\t\t<\/div>\n\t\t\t\t\t<\/div>\n\t\t<\/section>\n\t\t\t\t<section class=\"elementor-section elementor-top-section elementor-element elementor-element-1c40876 elementor-section-boxed elementor-section-height-default elementor-section-height-default\" data-id=\"1c40876\" data-element_type=\"section\" data-e-type=\"section\">\n\t\t\t\t\t\t<div class=\"elementor-container elementor-column-gap-default\">\n\t\t\t\t\t<div class=\"elementor-column elementor-col-100 elementor-top-column elementor-element elementor-element-5987391\" data-id=\"5987391\" data-element_type=\"column\" data-e-type=\"column\">\n\t\t\t<div class=\"elementor-widget-wrap elementor-element-populated\">\n\t\t\t\t\t\t<div class=\"elementor-element elementor-element-2ad34ce elementor-widget-divider--view-line elementor-widget elementor-widget-divider\" data-id=\"2ad34ce\" data-element_type=\"widget\" data-e-type=\"widget\" data-widget_type=\"divider.default\">\n\t\t\t\t<div class=\"elementor-widget-container\">\n\t\t\t\t\t\t\t<div class=\"elementor-divider\">\n\t\t\t<span class=\"elementor-divider-separator\">\n\t\t\t\t\t\t<\/span>\n\t\t<\/div>\n\t\t\t\t\t\t<\/div>\n\t\t\t\t<\/div>\n\t\t\t\t\t<\/div>\n\t\t<\/div>\n\t\t\t\t\t<\/div>\n\t\t<\/section>\n\t\t\t\t<section class=\"elementor-section elementor-top-section elementor-element elementor-element-b018409 elementor-section-boxed elementor-section-height-default elementor-section-height-default\" data-id=\"b018409\" data-element_type=\"section\" data-e-type=\"section\">\n\t\t\t\t\t\t<div class=\"elementor-container elementor-column-gap-default\">\n\t\t\t\t\t<div class=\"elementor-column elementor-col-100 elementor-top-column elementor-element elementor-element-c6ca6f5\" data-id=\"c6ca6f5\" data-element_type=\"column\" data-e-type=\"column\">\n\t\t\t<div class=\"elementor-widget-wrap elementor-element-populated\">\n\t\t\t\t\t\t<div class=\"elementor-element elementor-element-6b3b207 elementor-widget elementor-widget-menu-anchor\" data-id=\"6b3b207\" data-element_type=\"widget\" data-e-type=\"widget\" data-widget_type=\"menu-anchor.default\">\n\t\t\t\t<div class=\"elementor-widget-container\">\n\t\t\t\t\t\t\t<div class=\"elementor-menu-anchor\" id=\"Offers\"><\/div>\n\t\t\t\t\t\t<\/div>\n\t\t\t\t<\/div>\n\t\t\t\t\t<\/div>\n\t\t<\/div>\n\t\t\t\t\t<\/div>\n\t\t<\/section>\n\t\t\t\t<section class=\"elementor-section elementor-top-section elementor-element elementor-element-98bf6f9 elementor-section-boxed elementor-section-height-default elementor-section-height-default\" data-id=\"98bf6f9\" data-element_type=\"section\" data-e-type=\"section\">\n\t\t\t\t\t\t<div class=\"elementor-container elementor-column-gap-default\">\n\t\t\t\t\t<div class=\"elementor-column elementor-col-100 elementor-top-column elementor-element elementor-element-017addc\" data-id=\"017addc\" data-element_type=\"column\" data-e-type=\"column\">\n\t\t\t<div class=\"elementor-widget-wrap elementor-element-populated\">\n\t\t\t\t\t\t<div class=\"elementor-element elementor-element-95539fe elementor-widget elementor-widget-heading\" data-id=\"95539fe\" data-element_type=\"widget\" data-e-type=\"widget\" data-widget_type=\"heading.default\">\n\t\t\t\t<div class=\"elementor-widget-container\">\n\t\t\t\t\t<h2 class=\"elementor-heading-title elementor-size-default\">Offers for visitors<\/h2>\t\t\t\t<\/div>\n\t\t\t\t<\/div>\n\t\t\t\t\t<\/div>\n\t\t<\/div>\n\t\t\t\t\t<\/div>\n\t\t<\/section>\n\t\t\t\t<section class=\"elementor-section elementor-top-section elementor-element elementor-element-7040e28c elementor-section-boxed elementor-section-height-default elementor-section-height-default\" data-id=\"7040e28c\" data-element_type=\"section\" data-e-type=\"section\">\n\t\t\t\t\t\t<div class=\"elementor-container elementor-column-gap-default\">\n\t\t\t\t\t<div class=\"elementor-column elementor-col-100 elementor-top-column elementor-element elementor-element-6c710060\" data-id=\"6c710060\" data-element_type=\"column\" data-e-type=\"column\">\n\t\t\t<div class=\"elementor-widget-wrap elementor-element-populated\">\n\t\t\t\t\t\t<div class=\"elementor-element elementor-element-6dae3bcd elementor-grid-3 elementor-grid-tablet-2 elementor-grid-mobile-1 elementor-posts--thumbnail-top elementor-card-shadow-yes elementor-posts__hover-gradient elementor-widget elementor-widget-posts\" data-id=\"6dae3bcd\" data-element_type=\"widget\" data-e-type=\"widget\" data-settings=\"{&quot;cards_columns&quot;:&quot;3&quot;,&quot;cards_columns_tablet&quot;:&quot;2&quot;,&quot;cards_columns_mobile&quot;:&quot;1&quot;,&quot;cards_row_gap&quot;:{&quot;unit&quot;:&quot;px&quot;,&quot;size&quot;:35,&quot;sizes&quot;:[]},&quot;cards_row_gap_tablet&quot;:{&quot;unit&quot;:&quot;px&quot;,&quot;size&quot;:&quot;&quot;,&quot;sizes&quot;:[]},&quot;cards_row_gap_mobile&quot;:{&quot;unit&quot;:&quot;px&quot;,&quot;size&quot;:&quot;&quot;,&quot;sizes&quot;:[]}}\" data-widget_type=\"posts.cards\">\n\t\t\t\t<div class=\"elementor-widget-container\">\n\t\t\t\t\t\t\t<div class=\"elementor-posts-container elementor-posts elementor-posts--skin-cards elementor-grid\" role=\"list\">\n\t\t\t\t<article class=\"elementor-post elementor-grid-item post-41530 angebote type-angebote status-publish has-post-thumbnail bildungskategorien-groups bildungskategorien-holocaust-memorial bildungskategorien-homosexual-memorial bildungskategorien-memorial-for-the-victims-of-euthanasia-killings bildungskategorien-schools bildungskategorien-sinti-and-roma-memorial\" role=\"listitem\">\n\t\t\t<div class=\"elementor-post__card\">\n\t\t\t\t<a class=\"elementor-post__thumbnail__link\" href=\"https:\/\/www.stiftung-denkmal.de\/en\/offers\/city-walk-berlin-as-a-landscape-of-remembrance\/\" tabindex=\"-1\" ><div class=\"elementor-post__thumbnail\"><img fetchpriority=\"high\" decoding=\"async\" width=\"300\" height=\"200\" src=\"https:\/\/www.stiftung-denkmal.de\/wp-content\/uploads\/201404033D7077-300x200.jpg\" class=\"attachment-medium size-medium wp-image-12289\" alt=\"Sinti and Roma Memorial, Photo: Marko Priske\" srcset=\"https:\/\/www.stiftung-denkmal.de\/wp-content\/uploads\/201404033D7077-300x200.jpg 300w, https:\/\/www.stiftung-denkmal.de\/wp-content\/uploads\/201404033D7077-600x400.jpg 600w, https:\/\/www.stiftung-denkmal.de\/wp-content\/uploads\/201404033D7077-768x512.jpg 768w, https:\/\/www.stiftung-denkmal.de\/wp-content\/uploads\/201404033D7077-1024x683.jpg 1024w, https:\/\/www.stiftung-denkmal.de\/wp-content\/uploads\/201404033D7077.jpg 2048w\" sizes=\"(max-width: 300px) 100vw, 300px\" \/><\/div><\/a>\n\t\t\t\t<div class=\"elementor-post__badge\">Groups<\/div>\n\t\t\t\t<div class=\"elementor-post__text\">\n\t\t\t\t<h3 class=\"elementor-post__title\">\n\t\t\t<a href=\"https:\/\/www.stiftung-denkmal.de\/en\/offers\/city-walk-berlin-as-a-landscape-of-remembrance\/\" >\n\t\t\t\tCity walk \u00bbBerlin as a landscape of remembrance\u00ab\t\t\t<\/a>\n\t\t<\/h3>\n\t\t\t\t<\/div>\n\t\t\t\t\t<\/div>\n\t\t<\/article>\n\t\t\t\t<article class=\"elementor-post elementor-grid-item post-41538 angebote type-angebote status-publish has-post-thumbnail bildungskategorien-groups bildungskategorien-holocaust-memorial bildungskategorien-homosexual-memorial bildungskategorien-memorial-for-the-victims-of-euthanasia-killings bildungskategorien-schools bildungskategorien-sinti-and-roma-memorial bildungskategorien-workshop-en\" role=\"listitem\">\n\t\t\t<div class=\"elementor-post__card\">\n\t\t\t\t<a class=\"elementor-post__thumbnail__link\" href=\"https:\/\/www.stiftung-denkmal.de\/en\/offers\/workshop-memorial-and-memory-secondary-education-adults\/\" tabindex=\"-1\" ><div class=\"elementor-post__thumbnail\"><img decoding=\"async\" width=\"300\" height=\"200\" src=\"https:\/\/www.stiftung-denkmal.de\/wp-content\/uploads\/20170717D8637-300x200.jpg\" class=\"attachment-medium size-medium wp-image-22210\" alt=\"20170717D8637\" srcset=\"https:\/\/www.stiftung-denkmal.de\/wp-content\/uploads\/20170717D8637-300x200.jpg 300w, https:\/\/www.stiftung-denkmal.de\/wp-content\/uploads\/20170717D8637-600x400.jpg 600w, https:\/\/www.stiftung-denkmal.de\/wp-content\/uploads\/20170717D8637-768x512.jpg 768w, https:\/\/www.stiftung-denkmal.de\/wp-content\/uploads\/20170717D8637-1280x853.jpg 1280w, https:\/\/www.stiftung-denkmal.de\/wp-content\/uploads\/20170717D8637.jpg 2048w\" sizes=\"(max-width: 300px) 100vw, 300px\" \/><\/div><\/a>\n\t\t\t\t<div class=\"elementor-post__badge\">Groups<\/div>\n\t\t\t\t<div class=\"elementor-post__text\">\n\t\t\t\t<h3 class=\"elementor-post__title\">\n\t\t\t<a href=\"https:\/\/www.stiftung-denkmal.de\/en\/offers\/workshop-memorial-and-memory-secondary-education-adults\/\" >\n\t\t\t\tWorkshop \u00bbMemorial and Memory\u00ab (secondary education, adults)\t\t\t<\/a>\n\t\t<\/h3>\n\t\t\t\t<\/div>\n\t\t\t\t\t<\/div>\n\t\t<\/article>\n\t\t\t\t<\/div>\n\t\t\n\t\t\t\t\t\t<\/div>\n\t\t\t\t<\/div>\n\t\t\t\t\t<\/div>\n\t\t<\/div>\n\t\t\t\t\t<\/div>\n\t\t<\/section>\n\t\t\t\t<section class=\"elementor-section elementor-top-section elementor-element elementor-element-c9d2042 elementor-section-boxed elementor-section-height-default elementor-section-height-default\" data-id=\"c9d2042\" data-element_type=\"section\" data-e-type=\"section\">\n\t\t\t\t\t\t<div class=\"elementor-container elementor-column-gap-default\">\n\t\t\t\t\t<div class=\"elementor-column elementor-col-100 elementor-top-column elementor-element elementor-element-4ebb8a0\" data-id=\"4ebb8a0\" data-element_type=\"column\" data-e-type=\"column\">\n\t\t\t<div class=\"elementor-widget-wrap elementor-element-populated\">\n\t\t\t\t\t\t<div class=\"elementor-element elementor-element-b9d5dbb elementor-widget elementor-widget-button\" data-id=\"b9d5dbb\" data-element_type=\"widget\" data-e-type=\"widget\" data-widget_type=\"button.default\">\n\t\t\t\t<div class=\"elementor-widget-container\">\n\t\t\t\t\t\t\t\t\t<div class=\"elementor-button-wrapper\">\n\t\t\t\t\t<a class=\"elementor-button elementor-button-link elementor-size-sm\" href=\"https:\/\/www.stiftung-denkmal.de\/bildungsangebote\/\">\n\t\t\t\t\t\t<span class=\"elementor-button-content-wrapper\">\n\t\t\t\t\t\t\t\t\t<span class=\"elementor-button-text\">More offers for visitors<\/span>\n\t\t\t\t\t<\/span>\n\t\t\t\t\t<\/a>\n\t\t\t\t<\/div>\n\t\t\t\t\t\t\t\t<\/div>\n\t\t\t\t<\/div>\n\t\t\t\t\t<\/div>\n\t\t<\/div>\n\t\t\t\t\t<\/div>\n\t\t<\/section>\n\t\t\t\t<section class=\"elementor-section elementor-top-section elementor-element elementor-element-58021a9 elementor-section-boxed elementor-section-height-default elementor-section-height-default\" data-id=\"58021a9\" data-element_type=\"section\" data-e-type=\"section\">\n\t\t\t\t\t\t<div class=\"elementor-container elementor-column-gap-default\">\n\t\t\t\t\t<div class=\"elementor-column elementor-col-100 elementor-top-column elementor-element elementor-element-00a516c\" data-id=\"00a516c\" data-element_type=\"column\" data-e-type=\"column\">\n\t\t\t<div class=\"elementor-widget-wrap elementor-element-populated\">\n\t\t\t\t\t\t<div class=\"elementor-element elementor-element-fdd4685 elementor-widget-divider--view-line elementor-widget elementor-widget-divider\" data-id=\"fdd4685\" data-element_type=\"widget\" data-e-type=\"widget\" data-widget_type=\"divider.default\">\n\t\t\t\t<div class=\"elementor-widget-container\">\n\t\t\t\t\t\t\t<div class=\"elementor-divider\">\n\t\t\t<span class=\"elementor-divider-separator\">\n\t\t\t\t\t\t<\/span>\n\t\t<\/div>\n\t\t\t\t\t\t<\/div>\n\t\t\t\t<\/div>\n\t\t\t\t\t<\/div>\n\t\t<\/div>\n\t\t\t\t\t<\/div>\n\t\t<\/section>\n\t\t\t\t<section class=\"elementor-section elementor-top-section elementor-element elementor-element-223041e elementor-section-boxed elementor-section-height-default elementor-section-height-default\" data-id=\"223041e\" data-element_type=\"section\" data-e-type=\"section\">\n\t\t\t\t\t\t<div class=\"elementor-container elementor-column-gap-default\">\n\t\t\t\t\t<div class=\"elementor-column elementor-col-100 elementor-top-column elementor-element elementor-element-b02bf1a\" data-id=\"b02bf1a\" data-element_type=\"column\" data-e-type=\"column\">\n\t\t\t<div class=\"elementor-widget-wrap elementor-element-populated\">\n\t\t\t\t\t\t<div class=\"elementor-element elementor-element-d0ab7c6 elementor-widget elementor-widget-heading\" data-id=\"d0ab7c6\" data-element_type=\"widget\" data-e-type=\"widget\" data-widget_type=\"heading.default\">\n\t\t\t\t<div class=\"elementor-widget-container\">\n\t\t\t\t\t<h2 class=\"elementor-heading-title elementor-size-default\">Accessibility<\/h2>\t\t\t\t<\/div>\n\t\t\t\t<\/div>\n\t\t\t\t\t<\/div>\n\t\t<\/div>\n\t\t\t\t\t<\/div>\n\t\t<\/section>\n\t\t\t\t<section class=\"elementor-section elementor-top-section elementor-element elementor-element-5c5ac0d elementor-section-boxed elementor-section-height-default elementor-section-height-default\" data-id=\"5c5ac0d\" data-element_type=\"section\" data-e-type=\"section\">\n\t\t\t\t\t\t<div class=\"elementor-container elementor-column-gap-default\">\n\t\t\t\t\t<div class=\"elementor-column elementor-col-100 elementor-top-column elementor-element elementor-element-7bc51f2\" data-id=\"7bc51f2\" data-element_type=\"column\" data-e-type=\"column\">\n\t\t\t<div class=\"elementor-widget-wrap elementor-element-populated\">\n\t\t\t\t\t\t<div class=\"elementor-element elementor-element-dc15eb7 elementor-widget elementor-widget-accordion\" data-id=\"dc15eb7\" data-element_type=\"widget\" data-e-type=\"widget\" data-widget_type=\"accordion.default\">\n\t\t\t\t<div class=\"elementor-widget-container\">\n\t\t\t\t\t\t\t<div class=\"elementor-accordion\">\n\t\t\t\t\t\t\t<div class=\"elementor-accordion-item\">\n\t\t\t\t\t<div id=\"elementor-tab-title-2301\" class=\"elementor-tab-title\" data-tab=\"1\" role=\"button\" aria-controls=\"elementor-tab-content-2301\" aria-expanded=\"false\">\n\t\t\t\t\t\t\t\t\t\t\t\t\t<span class=\"elementor-accordion-icon elementor-accordion-icon-left\" aria-hidden=\"true\">\n\t\t\t\t\t\t\t\t\t\t\t\t\t\t\t<span class=\"elementor-accordion-icon-closed\"><i class=\"fas fa-plus\"><\/i><\/span>\n\t\t\t\t\t\t\t\t<span class=\"elementor-accordion-icon-opened\"><i class=\"fas fa-minus\"><\/i><\/span>\n\t\t\t\t\t\t\t\t\t\t\t\t\t\t<\/span>\n\t\t\t\t\t\t\t\t\t\t\t\t<a class=\"elementor-accordion-title\" tabindex=\"0\"> The monument has been assessed according to the criteria of the nationwide \u00bbReisen f\u00fcr Alle\u00ab (\u00bbTravel for All\u00ab) label.<\/a>\n\t\t\t\t\t<\/div>\n\t\t\t\t\t<div id=\"elementor-tab-content-2301\" class=\"elementor-tab-content elementor-clearfix\" data-tab=\"1\" role=\"region\" aria-labelledby=\"elementor-tab-title-2301\"><p>You can find the test report <a href=\"https:\/\/www.stiftung-denkmal.de\/wp-content\/uploads\/Short_Report_Memorial_to_the_Persecuted_Homosexuals_under_National_Socialism_PA-14721-2025_en-1.pdf\">here<\/a>.<\/p><\/div>\n\t\t\t\t<\/div>\n\t\t\t\t\t\t\t\t<\/div>\n\t\t\t\t\t\t<\/div>\n\t\t\t\t<\/div>\n\t\t\t\t\t<\/div>\n\t\t<\/div>\n\t\t\t\t\t<\/div>\n\t\t<\/section>\n\t\t\t\t<section class=\"elementor-section elementor-top-section elementor-element elementor-element-89f5027 elementor-section-boxed elementor-section-height-default elementor-section-height-default\" data-id=\"89f5027\" data-element_type=\"section\" data-e-type=\"section\">\n\t\t\t\t\t\t<div class=\"elementor-container elementor-column-gap-default\">\n\t\t\t\t\t<div class=\"elementor-column elementor-col-100 elementor-top-column elementor-element elementor-element-5d27db3\" data-id=\"5d27db3\" data-element_type=\"column\" data-e-type=\"column\">\n\t\t\t<div class=\"elementor-widget-wrap elementor-element-populated\">\n\t\t\t\t\t\t<div class=\"elementor-element elementor-element-89e3f63 elementor-widget-divider--view-line elementor-widget elementor-widget-divider\" data-id=\"89e3f63\" data-element_type=\"widget\" data-e-type=\"widget\" data-widget_type=\"divider.default\">\n\t\t\t\t<div class=\"elementor-widget-container\">\n\t\t\t\t\t\t\t<div class=\"elementor-divider\">\n\t\t\t<span class=\"elementor-divider-separator\">\n\t\t\t\t\t\t<\/span>\n\t\t<\/div>\n\t\t\t\t\t\t<\/div>\n\t\t\t\t<\/div>\n\t\t\t\t\t<\/div>\n\t\t<\/div>\n\t\t\t\t\t<\/div>\n\t\t<\/section>\n\t\t\t\t<section class=\"elementor-section elementor-top-section elementor-element elementor-element-639cf59 elementor-section-boxed elementor-section-height-default elementor-section-height-default\" data-id=\"639cf59\" data-element_type=\"section\" data-e-type=\"section\">\n\t\t\t\t\t\t<div class=\"elementor-container elementor-column-gap-default\">\n\t\t\t\t\t<div class=\"elementor-column elementor-col-100 elementor-top-column elementor-element elementor-element-6c71b64\" data-id=\"6c71b64\" data-element_type=\"column\" data-e-type=\"column\">\n\t\t\t<div class=\"elementor-widget-wrap elementor-element-populated\">\n\t\t\t\t\t\t<div class=\"elementor-element elementor-element-160d911 elementor-widget elementor-widget-menu-anchor\" data-id=\"160d911\" data-element_type=\"widget\" data-e-type=\"widget\" data-widget_type=\"menu-anchor.default\">\n\t\t\t\t<div class=\"elementor-widget-container\">\n\t\t\t\t\t\t\t<div class=\"elementor-menu-anchor\" id=\"Initiatives\"><\/div>\n\t\t\t\t\t\t<\/div>\n\t\t\t\t<\/div>\n\t\t\t\t\t<\/div>\n\t\t<\/div>\n\t\t\t\t\t<\/div>\n\t\t<\/section>\n\t\t\t\t<section class=\"elementor-section elementor-top-section elementor-element elementor-element-16c8886 elementor-section-boxed elementor-section-height-default elementor-section-height-default\" data-id=\"16c8886\" data-element_type=\"section\" data-e-type=\"section\">\n\t\t\t\t\t\t<div class=\"elementor-container elementor-column-gap-default\">\n\t\t\t\t\t<div class=\"elementor-column elementor-col-100 elementor-top-column elementor-element elementor-element-4327e8e\" data-id=\"4327e8e\" data-element_type=\"column\" data-e-type=\"column\">\n\t\t\t<div class=\"elementor-widget-wrap elementor-element-populated\">\n\t\t\t\t\t\t<div class=\"elementor-element elementor-element-702fdd5 elementor-widget elementor-widget-heading\" data-id=\"702fdd5\" data-element_type=\"widget\" data-e-type=\"widget\" data-widget_type=\"heading.default\">\n\t\t\t\t<div class=\"elementor-widget-container\">\n\t\t\t\t\t<h2 class=\"elementor-heading-title elementor-size-default\">Initiatives and partners<\/h2>\t\t\t\t<\/div>\n\t\t\t\t<\/div>\n\t\t\t\t\t<\/div>\n\t\t<\/div>\n\t\t\t\t\t<\/div>\n\t\t<\/section>\n\t\t\t\t<section class=\"elementor-section elementor-top-section elementor-element elementor-element-0100d7b elementor-section-boxed elementor-section-height-default elementor-section-height-default\" data-id=\"0100d7b\" data-element_type=\"section\" data-e-type=\"section\">\n\t\t\t\t\t\t<div class=\"elementor-container elementor-column-gap-default\">\n\t\t\t\t\t<div class=\"elementor-column elementor-col-100 elementor-top-column elementor-element elementor-element-e40301f\" data-id=\"e40301f\" data-element_type=\"column\" data-e-type=\"column\">\n\t\t\t<div class=\"elementor-widget-wrap elementor-element-populated\">\n\t\t\t\t\t\t<div class=\"elementor-element elementor-element-01b5a31 elementor-widget elementor-widget-text-editor\" data-id=\"01b5a31\" data-element_type=\"widget\" data-e-type=\"widget\" data-widget_type=\"text-editor.default\">\n\t\t\t\t<div class=\"elementor-widget-container\">\n\t\t\t\t\t\t\t\t\t<ul><li><a class=\"external-link-new-window\" title=\"Opens external link in new window\" href=\"http:\/\/www.gedenkort.de\" target=\"_blank\" rel=\"noopener\">www.gedenkort.de<\/a><\/li><li><a class=\"external-link-new-window\" title=\"Opens external link in new window\" href=\"http:\/\/www.rosa-winkel.de\" target=\"_blank\" rel=\"noopener\">www.rosa-winkel.de<\/a><\/li><li><a class=\"external-link-new-window\" title=\"Opens external link in new window\" href=\"http:\/\/www.blsb.de\" target=\"_blank\" rel=\"noopener\">www.blsb.de<\/a><\/li><li><a class=\"external-link-new-window\" title=\"Opens external link in new window\" href=\"http:\/\/www.berlin.lsvd.de\" target=\"_blank\" rel=\"noopener\">www.berlin.lsvd.de<\/a><\/li><\/ul>\t\t\t\t\t\t\t\t<\/div>\n\t\t\t\t<\/div>\n\t\t\t\t\t<\/div>\n\t\t<\/div>\n\t\t\t\t\t<\/div>\n\t\t<\/section>\n\t\t\t\t<section class=\"elementor-section elementor-top-section elementor-element elementor-element-8c5e7b0 elementor-section-boxed elementor-section-height-default elementor-section-height-default\" data-id=\"8c5e7b0\" data-element_type=\"section\" data-e-type=\"section\">\n\t\t\t\t\t\t<div class=\"elementor-container elementor-column-gap-default\">\n\t\t\t\t\t<div class=\"elementor-column elementor-col-100 elementor-top-column elementor-element elementor-element-a23b4ef\" data-id=\"a23b4ef\" data-element_type=\"column\" data-e-type=\"column\">\n\t\t\t<div class=\"elementor-widget-wrap elementor-element-populated\">\n\t\t\t\t\t\t<div class=\"elementor-element elementor-element-94ff1e9 elementor-widget-divider--view-line elementor-widget elementor-widget-divider\" data-id=\"94ff1e9\" data-element_type=\"widget\" data-e-type=\"widget\" data-widget_type=\"divider.default\">\n\t\t\t\t<div class=\"elementor-widget-container\">\n\t\t\t\t\t\t\t<div class=\"elementor-divider\">\n\t\t\t<span class=\"elementor-divider-separator\">\n\t\t\t\t\t\t<\/span>\n\t\t<\/div>\n\t\t\t\t\t\t<\/div>\n\t\t\t\t<\/div>\n\t\t\t\t\t<\/div>\n\t\t<\/div>\n\t\t\t\t\t<\/div>\n\t\t<\/section>\n\t\t\t\t<section class=\"elementor-section elementor-top-section elementor-element elementor-element-b10912d elementor-section-boxed elementor-section-height-default elementor-section-height-default\" data-id=\"b10912d\" data-element_type=\"section\" data-e-type=\"section\">\n\t\t\t\t\t\t<div class=\"elementor-container elementor-column-gap-default\">\n\t\t\t\t\t<div class=\"elementor-column elementor-col-100 elementor-top-column elementor-element elementor-element-52c4a4e\" data-id=\"52c4a4e\" data-element_type=\"column\" data-e-type=\"column\">\n\t\t\t<div class=\"elementor-widget-wrap elementor-element-populated\">\n\t\t\t\t\t\t<div class=\"elementor-element elementor-element-73523cf elementor-widget elementor-widget-menu-anchor\" data-id=\"73523cf\" data-element_type=\"widget\" data-e-type=\"widget\" data-widget_type=\"menu-anchor.default\">\n\t\t\t\t<div class=\"elementor-widget-container\">\n\t\t\t\t\t\t\t<div class=\"elementor-menu-anchor\" id=\"Leaflet\"><\/div>\n\t\t\t\t\t\t<\/div>\n\t\t\t\t<\/div>\n\t\t\t\t\t<\/div>\n\t\t<\/div>\n\t\t\t\t\t<\/div>\n\t\t<\/section>\n\t\t\t\t<section class=\"elementor-section elementor-top-section elementor-element elementor-element-a5a52e0 elementor-section-boxed elementor-section-height-default elementor-section-height-default\" data-id=\"a5a52e0\" data-element_type=\"section\" data-e-type=\"section\">\n\t\t\t\t\t\t<div class=\"elementor-container elementor-column-gap-default\">\n\t\t\t\t\t<div class=\"elementor-column elementor-col-100 elementor-top-column elementor-element elementor-element-0fb411e\" data-id=\"0fb411e\" data-element_type=\"column\" data-e-type=\"column\">\n\t\t\t<div class=\"elementor-widget-wrap elementor-element-populated\">\n\t\t\t\t\t\t<div class=\"elementor-element elementor-element-66628f6 elementor-widget elementor-widget-heading\" data-id=\"66628f6\" data-element_type=\"widget\" data-e-type=\"widget\" data-widget_type=\"heading.default\">\n\t\t\t\t<div class=\"elementor-widget-container\">\n\t\t\t\t\t<h2 class=\"elementor-heading-title elementor-size-default\">LEAFLET TO THE Memorial<\/h2>\t\t\t\t<\/div>\n\t\t\t\t<\/div>\n\t\t\t\t\t<\/div>\n\t\t<\/div>\n\t\t\t\t\t<\/div>\n\t\t<\/section>\n\t\t\t\t<section class=\"elementor-section elementor-top-section elementor-element elementor-element-723b19c elementor-section-boxed elementor-section-height-default elementor-section-height-default\" data-id=\"723b19c\" data-element_type=\"section\" data-e-type=\"section\">\n\t\t\t\t\t\t<div class=\"elementor-container elementor-column-gap-default\">\n\t\t\t\t\t<div class=\"elementor-column elementor-col-100 elementor-top-column elementor-element elementor-element-c9542be\" data-id=\"c9542be\" data-element_type=\"column\" data-e-type=\"column\">\n\t\t\t<div class=\"elementor-widget-wrap elementor-element-populated\">\n\t\t\t\t\t\t<div class=\"elementor-element elementor-element-3c440d1 elementor-grid-4 elementor-grid-tablet-3 elementor-grid-mobile-2 elementor-products-grid elementor-wc-products elementor-widget elementor-widget-woocommerce-products\" data-id=\"3c440d1\" data-element_type=\"widget\" data-e-type=\"widget\" data-widget_type=\"woocommerce-products.default\">\n\t\t\t\t<div class=\"elementor-widget-container\">\n\t\t\t\t\t<div class=\"woocommerce columns-4 \"><ul class=\"products elementor-grid products_variant_overlay  columns-4 button_over\" data-lazy-load=\"1\" data-lazy-load-mode=\"auto\"><li class=\"product type-product post-69785 status-publish first instock product_cat-other-en has-post-thumbnail taxable shipping-taxable product-type-simple\">\n\t<a href=\"https:\/\/www.stiftung-denkmal.de\/en\/publikation\/ostrozhets-network-reminder\/\" class=\"woocommerce-LoopProduct-link woocommerce-loop-product__link\"><img decoding=\"async\" width=\"300\" height=\"450\" src=\"https:\/\/www.stiftung-denkmal.de\/wp-content\/uploads\/ostrozhets_final_orange-01_web-300x450.gif\" class=\"attachment-woocommerce_thumbnail size-woocommerce_thumbnail\" alt=\"Ostrozhets \u2013 Connecting Memory\" \/><span class=\"overlay\"><\/span><div class=\"product-details\"><span class=\"posted_in\">Other<\/span><h2 class=\"woocommerce-loop-product__title\">Ostrozhets \u2013 Connecting Memory<\/h2>\n<\/div><\/a><a href=\"https:\/\/www.stiftung-denkmal.de\/en\/publikation\/ostrozhets-network-reminder\/\" aria-describedby=\"woocommerce_loop_add_to_cart_link_describedby_69785\" data-quantity=\"1\" class=\"button product_type_simple\" data-product_id=\"69785\" data-product_sku=\"\" aria-label=\"Read more about &ldquo;Ostrozhets \u2013 Connecting Memory&rdquo;\" rel=\"nofollow\" data-success_message=\"\">Read more<\/a>\t<span id=\"woocommerce_loop_add_to_cart_link_describedby_69785\" class=\"screen-reader-text\">\n\t\t\t<\/span>\n<\/li>\n<li class=\"product type-product post-69791 status-publish instock product_cat-other-en has-post-thumbnail taxable shipping-taxable product-type-simple\">\n\t<a href=\"https:\/\/www.stiftung-denkmal.de\/en\/publikation\/druzhkivka-connecting-memory\/\" class=\"woocommerce-LoopProduct-link woocommerce-loop-product__link\"><img loading=\"lazy\" decoding=\"async\" width=\"300\" height=\"450\" src=\"https:\/\/www.stiftung-denkmal.de\/wp-content\/uploads\/druzhkivka_final_blue-01_web-300x450.gif\" class=\"attachment-woocommerce_thumbnail size-woocommerce_thumbnail\" alt=\"Druzhkivka \u2013 Connecting Memory\" \/><span class=\"overlay\"><\/span><div class=\"product-details\"><span class=\"posted_in\">Other<\/span><h2 class=\"woocommerce-loop-product__title\">Druzhkivka \u2013 Connecting Memory<\/h2>\n<\/div><\/a><a href=\"https:\/\/www.stiftung-denkmal.de\/en\/publikation\/druzhkivka-connecting-memory\/\" aria-describedby=\"woocommerce_loop_add_to_cart_link_describedby_69791\" data-quantity=\"1\" class=\"button product_type_simple\" data-product_id=\"69791\" data-product_sku=\"\" aria-label=\"Read more about &ldquo;Druzhkivka \u2013 Connecting Memory&rdquo;\" rel=\"nofollow\" data-success_message=\"\">Read more<\/a>\t<span id=\"woocommerce_loop_add_to_cart_link_describedby_69791\" class=\"screen-reader-text\">\n\t\t\t<\/span>\n<\/li>\n<li class=\"product type-product post-69797 status-publish instock product_cat-other-en has-post-thumbnail taxable shipping-taxable product-type-simple\">\n\t<a href=\"https:\/\/www.stiftung-denkmal.de\/en\/publikation\/kysylyn-connecting-memory\/\" class=\"woocommerce-LoopProduct-link woocommerce-loop-product__link\"><img loading=\"lazy\" decoding=\"async\" width=\"300\" height=\"450\" src=\"https:\/\/www.stiftung-denkmal.de\/wp-content\/uploads\/kysylyn_final_dark-red_1-300x450.jpg\" class=\"attachment-woocommerce_thumbnail size-woocommerce_thumbnail\" alt=\"Kysylyn \u2013 Connecting Memory\" \/><span class=\"overlay\"><\/span><div class=\"product-details\"><span class=\"posted_in\">Other<\/span><h2 class=\"woocommerce-loop-product__title\">Kysylyn \u2013 Connecting Memory<\/h2>\n<\/div><\/a><a href=\"https:\/\/www.stiftung-denkmal.de\/en\/publikation\/kysylyn-connecting-memory\/\" aria-describedby=\"woocommerce_loop_add_to_cart_link_describedby_69797\" data-quantity=\"1\" class=\"button product_type_simple\" data-product_id=\"69797\" data-product_sku=\"\" aria-label=\"Read more about &ldquo;Kysylyn \u2013 Connecting Memory&rdquo;\" rel=\"nofollow\" data-success_message=\"\">Read more<\/a>\t<span id=\"woocommerce_loop_add_to_cart_link_describedby_69797\" class=\"screen-reader-text\">\n\t\t\t<\/span>\n<\/li>\n<li class=\"product type-product post-69801 status-publish last instock product_cat-other-en has-post-thumbnail taxable shipping-taxable product-type-simple\">\n\t<a href=\"https:\/\/www.stiftung-denkmal.de\/en\/publikation\/mizoch-connecting-memory\/\" class=\"woocommerce-LoopProduct-link woocommerce-loop-product__link\"><img loading=\"lazy\" decoding=\"async\" width=\"300\" height=\"450\" src=\"https:\/\/www.stiftung-denkmal.de\/wp-content\/uploads\/misoch_final_lilac_1-300x450.png\" class=\"attachment-woocommerce_thumbnail size-woocommerce_thumbnail\" alt=\"Mizoch \u2013 Connecting Memory\" \/><span class=\"overlay\"><\/span><div class=\"product-details\"><span class=\"posted_in\">Other<\/span><h2 class=\"woocommerce-loop-product__title\">Mizoch \u2013 Connecting Memory<\/h2>\n<\/div><\/a><a href=\"https:\/\/www.stiftung-denkmal.de\/en\/publikation\/mizoch-connecting-memory\/\" aria-describedby=\"woocommerce_loop_add_to_cart_link_describedby_69801\" data-quantity=\"1\" class=\"button product_type_simple\" data-product_id=\"69801\" data-product_sku=\"\" aria-label=\"Read more about &ldquo;Mizoch \u2013 Connecting Memory&rdquo;\" rel=\"nofollow\" data-success_message=\"\">Read more<\/a>\t<span id=\"woocommerce_loop_add_to_cart_link_describedby_69801\" class=\"screen-reader-text\">\n\t\t\t<\/span>\n<\/li>\n<\/ul>\n<\/div>\t\t\t\t<\/div>\n\t\t\t\t<\/div>\n\t\t\t\t\t<\/div>\n\t\t<\/div>\n\t\t\t\t\t<\/div>\n\t\t<\/section>\n\t\t\t\t<\/div>\n\t\t","protected":false},"excerpt":{"rendered":"<p>+++ Ausstellung schlie\u00dft f\u00fcr eine Woche +++ Vom 18. bis<\/p>\n","protected":false},"author":1,"featured_media":12229,"parent":41482,"menu_order":0,"comment_status":"closed","ping_status":"closed","template":"","meta":{"footnotes":""},"class_list":["post-13209","page","type-page","status-publish","has-post-thumbnail"],"yoast_head":"<!-- This site is optimized with the Yoast SEO plugin v27.3 - https:\/\/yoast.com\/product\/yoast-seo-wordpress\/ -->\n<title>Memorial to the Persecuted Homosexuals under National Socialism - Stiftung Denkmal f\u00fcr die ermordeten Juden Europas<\/title>\n<meta name=\"robots\" content=\"index, follow, max-snippet:-1, max-image-preview:large, max-video-preview:-1\" \/>\n<link rel=\"canonical\" href=\"https:\/\/www.stiftung-denkmal.de\/en\/memorials\/memorial-to-the-persecuted-homosexuals-under-national-socialism\/\" \/>\n<meta property=\"og:locale\" content=\"en_US\" \/>\n<meta property=\"og:type\" content=\"article\" \/>\n<meta property=\"og:title\" content=\"Memorial to the Persecuted Homosexuals under National Socialism - Stiftung Denkmal f\u00fcr die ermordeten Juden Europas\" \/>\n<meta property=\"og:description\" content=\"+++ Ausstellung schlie\u00dft f\u00fcr eine Woche +++ Vom 18. bis\" \/>\n<meta property=\"og:url\" content=\"https:\/\/www.stiftung-denkmal.de\/en\/memorials\/memorial-to-the-persecuted-homosexuals-under-national-socialism\/\" \/>\n<meta property=\"og:site_name\" content=\"Stiftung Denkmal f\u00fcr die ermordeten Juden Europas\" \/>\n<meta property=\"article:modified_time\" content=\"2026-01-06T15:23:26+00:00\" \/>\n<meta property=\"og:image\" content=\"https:\/\/www.stiftung-denkmal.de\/wp-content\/uploads\/13_201404033D1905.webp\" \/>\n\t<meta property=\"og:image:width\" content=\"2048\" \/>\n\t<meta property=\"og:image:height\" content=\"1365\" \/>\n\t<meta property=\"og:image:type\" content=\"image\/jpeg\" \/>\n<meta name=\"twitter:card\" content=\"summary_large_image\" \/>\n<meta name=\"twitter:label1\" content=\"Est. reading time\" \/>\n\t<meta name=\"twitter:data1\" content=\"8 minutes\" \/>\n<script type=\"application\/ld+json\" class=\"yoast-schema-graph\">{\"@context\":\"https:\\\/\\\/schema.org\",\"@graph\":[{\"@type\":\"WebPage\",\"@id\":\"https:\\\/\\\/www.stiftung-denkmal.de\\\/en\\\/memorials\\\/memorial-to-the-persecuted-homosexuals-under-national-socialism\\\/\",\"url\":\"https:\\\/\\\/www.stiftung-denkmal.de\\\/en\\\/memorials\\\/memorial-to-the-persecuted-homosexuals-under-national-socialism\\\/\",\"name\":\"Memorial to the Persecuted Homosexuals under National Socialism - Stiftung Denkmal f\u00fcr die ermordeten Juden Europas\",\"isPartOf\":{\"@id\":\"https:\\\/\\\/www.stiftung-denkmal.de\\\/en\\\/#website\"},\"primaryImageOfPage\":{\"@id\":\"https:\\\/\\\/www.stiftung-denkmal.de\\\/en\\\/memorials\\\/memorial-to-the-persecuted-homosexuals-under-national-socialism\\\/#primaryimage\"},\"image\":{\"@id\":\"https:\\\/\\\/www.stiftung-denkmal.de\\\/en\\\/memorials\\\/memorial-to-the-persecuted-homosexuals-under-national-socialism\\\/#primaryimage\"},\"thumbnailUrl\":\"https:\\\/\\\/www.stiftung-denkmal.de\\\/wp-content\\\/uploads\\\/13_201404033D1905.webp\",\"datePublished\":\"2019-01-18T12:05:06+00:00\",\"dateModified\":\"2026-01-06T15:23:26+00:00\",\"breadcrumb\":{\"@id\":\"https:\\\/\\\/www.stiftung-denkmal.de\\\/en\\\/memorials\\\/memorial-to-the-persecuted-homosexuals-under-national-socialism\\\/#breadcrumb\"},\"inLanguage\":\"en-US\",\"potentialAction\":[{\"@type\":\"ReadAction\",\"target\":[\"https:\\\/\\\/www.stiftung-denkmal.de\\\/en\\\/memorials\\\/memorial-to-the-persecuted-homosexuals-under-national-socialism\\\/\"]}]},{\"@type\":\"ImageObject\",\"inLanguage\":\"en-US\",\"@id\":\"https:\\\/\\\/www.stiftung-denkmal.de\\\/en\\\/memorials\\\/memorial-to-the-persecuted-homosexuals-under-national-socialism\\\/#primaryimage\",\"url\":\"https:\\\/\\\/www.stiftung-denkmal.de\\\/wp-content\\\/uploads\\\/13_201404033D1905.webp\",\"contentUrl\":\"https:\\\/\\\/www.stiftung-denkmal.de\\\/wp-content\\\/uploads\\\/13_201404033D1905.webp\",\"width\":2048,\"height\":1365,\"caption\":\"Monument of Homosexuals, photo: Marko Priske\"},{\"@type\":\"BreadcrumbList\",\"@id\":\"https:\\\/\\\/www.stiftung-denkmal.de\\\/en\\\/memorials\\\/memorial-to-the-persecuted-homosexuals-under-national-socialism\\\/#breadcrumb\",\"itemListElement\":[{\"@type\":\"ListItem\",\"position\":1,\"name\":\"Startseite\",\"item\":\"https:\\\/\\\/www.stiftung-denkmal.de\\\/en\\\/\"},{\"@type\":\"ListItem\",\"position\":2,\"name\":\"Memorials\",\"item\":\"https:\\\/\\\/www.stiftung-denkmal.de\\\/en\\\/denkmaeler\\\/\"},{\"@type\":\"ListItem\",\"position\":3,\"name\":\"Memorial to the Persecuted Homosexuals under National Socialism\"}]},{\"@type\":\"WebSite\",\"@id\":\"https:\\\/\\\/www.stiftung-denkmal.de\\\/en\\\/#website\",\"url\":\"https:\\\/\\\/www.stiftung-denkmal.de\\\/en\\\/\",\"name\":\"Stiftung Denkmal f\u00fcr die ermordeten Juden Europas\",\"description\":\"\",\"publisher\":{\"@id\":\"https:\\\/\\\/www.stiftung-denkmal.de\\\/en\\\/#organization\"},\"potentialAction\":[{\"@type\":\"SearchAction\",\"target\":{\"@type\":\"EntryPoint\",\"urlTemplate\":\"https:\\\/\\\/www.stiftung-denkmal.de\\\/en\\\/?s={search_term_string}\"},\"query-input\":{\"@type\":\"PropertyValueSpecification\",\"valueRequired\":true,\"valueName\":\"search_term_string\"}}],\"inLanguage\":\"en-US\"},{\"@type\":\"Organization\",\"@id\":\"https:\\\/\\\/www.stiftung-denkmal.de\\\/en\\\/#organization\",\"name\":\"Stiftung Denkmal f\u00fcr die ermordeten Juden Europas\",\"url\":\"https:\\\/\\\/www.stiftung-denkmal.de\\\/en\\\/\",\"logo\":{\"@type\":\"ImageObject\",\"inLanguage\":\"en-US\",\"@id\":\"https:\\\/\\\/www.stiftung-denkmal.de\\\/en\\\/#\\\/schema\\\/logo\\\/image\\\/\",\"url\":\"https:\\\/\\\/www.stiftung-denkmal.de\\\/wp-content\\\/uploads\\\/LOGOPC_small.jpg\",\"contentUrl\":\"https:\\\/\\\/www.stiftung-denkmal.de\\\/wp-content\\\/uploads\\\/LOGOPC_small.jpg\",\"width\":128,\"height\":116,\"caption\":\"Stiftung Denkmal f\u00fcr die ermordeten Juden Europas\"},\"image\":{\"@id\":\"https:\\\/\\\/www.stiftung-denkmal.de\\\/en\\\/#\\\/schema\\\/logo\\\/image\\\/\"}}]}<\/script>\n<!-- \/ Yoast SEO plugin. -->","yoast_head_json":{"title":"Memorial to the Persecuted Homosexuals under National Socialism - Stiftung Denkmal f\u00fcr die ermordeten Juden Europas","robots":{"index":"index","follow":"follow","max-snippet":"max-snippet:-1","max-image-preview":"max-image-preview:large","max-video-preview":"max-video-preview:-1"},"canonical":"https:\/\/www.stiftung-denkmal.de\/en\/memorials\/memorial-to-the-persecuted-homosexuals-under-national-socialism\/","og_locale":"en_US","og_type":"article","og_title":"Memorial to the Persecuted Homosexuals under National Socialism - Stiftung Denkmal f\u00fcr die ermordeten Juden Europas","og_description":"+++ Ausstellung schlie\u00dft f\u00fcr eine Woche +++ Vom 18. bis","og_url":"https:\/\/www.stiftung-denkmal.de\/en\/memorials\/memorial-to-the-persecuted-homosexuals-under-national-socialism\/","og_site_name":"Stiftung Denkmal f\u00fcr die ermordeten Juden Europas","article_modified_time":"2026-01-06T15:23:26+00:00","og_image":[{"width":2048,"height":1365,"url":"https:\/\/www.stiftung-denkmal.de\/wp-content\/uploads\/13_201404033D1905.webp","type":"image\/jpeg"}],"twitter_card":"summary_large_image","twitter_misc":{"Est. reading time":"8 minutes"},"schema":{"@context":"https:\/\/schema.org","@graph":[{"@type":"WebPage","@id":"https:\/\/www.stiftung-denkmal.de\/en\/memorials\/memorial-to-the-persecuted-homosexuals-under-national-socialism\/","url":"https:\/\/www.stiftung-denkmal.de\/en\/memorials\/memorial-to-the-persecuted-homosexuals-under-national-socialism\/","name":"Memorial to the Persecuted Homosexuals under National Socialism - Stiftung Denkmal f\u00fcr die ermordeten Juden Europas","isPartOf":{"@id":"https:\/\/www.stiftung-denkmal.de\/en\/#website"},"primaryImageOfPage":{"@id":"https:\/\/www.stiftung-denkmal.de\/en\/memorials\/memorial-to-the-persecuted-homosexuals-under-national-socialism\/#primaryimage"},"image":{"@id":"https:\/\/www.stiftung-denkmal.de\/en\/memorials\/memorial-to-the-persecuted-homosexuals-under-national-socialism\/#primaryimage"},"thumbnailUrl":"https:\/\/www.stiftung-denkmal.de\/wp-content\/uploads\/13_201404033D1905.webp","datePublished":"2019-01-18T12:05:06+00:00","dateModified":"2026-01-06T15:23:26+00:00","breadcrumb":{"@id":"https:\/\/www.stiftung-denkmal.de\/en\/memorials\/memorial-to-the-persecuted-homosexuals-under-national-socialism\/#breadcrumb"},"inLanguage":"en-US","potentialAction":[{"@type":"ReadAction","target":["https:\/\/www.stiftung-denkmal.de\/en\/memorials\/memorial-to-the-persecuted-homosexuals-under-national-socialism\/"]}]},{"@type":"ImageObject","inLanguage":"en-US","@id":"https:\/\/www.stiftung-denkmal.de\/en\/memorials\/memorial-to-the-persecuted-homosexuals-under-national-socialism\/#primaryimage","url":"https:\/\/www.stiftung-denkmal.de\/wp-content\/uploads\/13_201404033D1905.webp","contentUrl":"https:\/\/www.stiftung-denkmal.de\/wp-content\/uploads\/13_201404033D1905.webp","width":2048,"height":1365,"caption":"Monument of Homosexuals, photo: Marko Priske"},{"@type":"BreadcrumbList","@id":"https:\/\/www.stiftung-denkmal.de\/en\/memorials\/memorial-to-the-persecuted-homosexuals-under-national-socialism\/#breadcrumb","itemListElement":[{"@type":"ListItem","position":1,"name":"Startseite","item":"https:\/\/www.stiftung-denkmal.de\/en\/"},{"@type":"ListItem","position":2,"name":"Memorials","item":"https:\/\/www.stiftung-denkmal.de\/en\/denkmaeler\/"},{"@type":"ListItem","position":3,"name":"Memorial to the Persecuted Homosexuals under National Socialism"}]},{"@type":"WebSite","@id":"https:\/\/www.stiftung-denkmal.de\/en\/#website","url":"https:\/\/www.stiftung-denkmal.de\/en\/","name":"Stiftung Denkmal f\u00fcr die ermordeten Juden Europas","description":"","publisher":{"@id":"https:\/\/www.stiftung-denkmal.de\/en\/#organization"},"potentialAction":[{"@type":"SearchAction","target":{"@type":"EntryPoint","urlTemplate":"https:\/\/www.stiftung-denkmal.de\/en\/?s={search_term_string}"},"query-input":{"@type":"PropertyValueSpecification","valueRequired":true,"valueName":"search_term_string"}}],"inLanguage":"en-US"},{"@type":"Organization","@id":"https:\/\/www.stiftung-denkmal.de\/en\/#organization","name":"Stiftung Denkmal f\u00fcr die ermordeten Juden Europas","url":"https:\/\/www.stiftung-denkmal.de\/en\/","logo":{"@type":"ImageObject","inLanguage":"en-US","@id":"https:\/\/www.stiftung-denkmal.de\/en\/#\/schema\/logo\/image\/","url":"https:\/\/www.stiftung-denkmal.de\/wp-content\/uploads\/LOGOPC_small.jpg","contentUrl":"https:\/\/www.stiftung-denkmal.de\/wp-content\/uploads\/LOGOPC_small.jpg","width":128,"height":116,"caption":"Stiftung Denkmal f\u00fcr die ermordeten Juden Europas"},"image":{"@id":"https:\/\/www.stiftung-denkmal.de\/en\/#\/schema\/logo\/image\/"}}]}},"_links":{"self":[{"href":"https:\/\/www.stiftung-denkmal.de\/en\/wp-json\/wp\/v2\/pages\/13209","targetHints":{"allow":["GET"]}}],"collection":[{"href":"https:\/\/www.stiftung-denkmal.de\/en\/wp-json\/wp\/v2\/pages"}],"about":[{"href":"https:\/\/www.stiftung-denkmal.de\/en\/wp-json\/wp\/v2\/types\/page"}],"author":[{"embeddable":true,"href":"https:\/\/www.stiftung-denkmal.de\/en\/wp-json\/wp\/v2\/users\/1"}],"replies":[{"embeddable":true,"href":"https:\/\/www.stiftung-denkmal.de\/en\/wp-json\/wp\/v2\/comments?post=13209"}],"version-history":[{"count":18,"href":"https:\/\/www.stiftung-denkmal.de\/en\/wp-json\/wp\/v2\/pages\/13209\/revisions"}],"predecessor-version":[{"id":78178,"href":"https:\/\/www.stiftung-denkmal.de\/en\/wp-json\/wp\/v2\/pages\/13209\/revisions\/78178"}],"up":[{"embeddable":true,"href":"https:\/\/www.stiftung-denkmal.de\/en\/wp-json\/wp\/v2\/pages\/41482"}],"wp:featuredmedia":[{"embeddable":true,"href":"https:\/\/www.stiftung-denkmal.de\/en\/wp-json\/wp\/v2\/media\/12229"}],"wp:attachment":[{"href":"https:\/\/www.stiftung-denkmal.de\/en\/wp-json\/wp\/v2\/media?parent=13209"}],"curies":[{"name":"wp","href":"https:\/\/api.w.org\/{rel}","templated":true}]}}